{"id":94965,"date":"2022-07-26T13:48:31","date_gmt":"2022-07-26T13:48:31","guid":{"rendered":"https:\/\/interac1.wpengine.com\/?post_type=content&#038;p=94965"},"modified":"2025-07-07T16:16:46","modified_gmt":"2025-07-07T20:16:46","slug":"construire-un-studio-inclusif-une-coupe-de-cheveux-a-la-fois","status":"publish","type":"content","link":"https:\/\/www.interac.ca\/fr\/contenu\/vie\/construire-un-studio-inclusif-une-coupe-de-cheveux-a-la-fois\/","title":{"rendered":"Construire un studio inclusif, une coupe de cheveux \u00e0 la fois"},"content":{"rendered":"\n<p>L\u2019identit\u00e9 est un \u00e9l\u00e9ment important d\u2019une compagnie, peu importe son ampleur. Pour Noam, une personne transgenre qui a explor\u00e9 son identit\u00e9 de genre pour pouvoir vivre sa v\u00e9rit\u00e9, c\u2019est essentiel.<\/p>\n\n\n\n<p>Il se souvenait de la force que lui avait procur\u00e9e sa premi\u00e8re coupe de cheveux d\u2019affirmation de genre, mais aussi de l\u2019ambiance intimidante et \u00e9crasante que les salons \u00e0 grand volume peuvent avoir pour certaines client\u00e8les marginalis\u00e9es. Les bruits ambiants m\u00e9lang\u00e9s \u00e0 la musique de la radio, le manque d\u2019intimit\u00e9, et d\u2019autres facteurs peuvent rendre ce genre d\u2019exp\u00e9rience stressante. \u00c9tant lui-m\u00eame coiffeur, Noam a d\u00e9cid\u00e9 de cr\u00e9er un nouveau type d\u2019exp\u00e9rience pour sa client\u00e8le queer, dans un espace plus s\u00fbr et priv\u00e9. Il s\u2019est appuy\u00e9 sur ce qu\u2019il conna\u00eet le mieux, lui-m\u00eame, pour fonder son studio <em>Call Me Noam<\/em>, situ\u00e9 \u00e0 Montr\u00e9al.<\/p>\n\n\n\n<h2 class=\"wp-block-heading\" id=\"h-un-studio-prive-et-inclusif\">Un studio priv\u00e9 et inclusif<\/h2>\n\n\n\n<p>Noam a construit son studio priv\u00e9 en se basant sur ses propres exp\u00e9riences, ce qui l\u2019a pouss\u00e9 \u00e0 d\u00e9velopper une pratique accessible et adapt\u00e9e aux besoins de chacun de ses clients. Le studio <em>Call Me Noam<\/em> dispose d\u2019une chaise et accueille un seul client \u00e0 la fois, ce qui rend le studio r\u00e9ellement priv\u00e9. L\u2019intimit\u00e9 des rendez-vous individuels permet \u00e0 Noam d\u2019offrir \u00e0 ses clients une exp\u00e9rience s\u00e9curitaire et unique du d\u00e9but \u00e0 la fin&nbsp;: chaque client peut pr\u00e9ciser ses pr\u00e9f\u00e9rences lors de la prise de rendez-vous.<\/p>\n\n\n\n<p>\u00ab\u2009J\u2019ai d\u00e9cid\u00e9 d\u2019ouvrir le studio pour offrir un espace qui \u00e9tait plus s\u00e9curitaire et inclusif pour ma client\u00e8le, qui est majoritairement queer. C\u2019\u00e9tait vraiment important pour moi d\u2019offrir un endroit pour les personnes qui d\u00e9sirent explorer leur identit\u00e9 de genre de fa\u00e7on moins anxiog\u00e8ne que dans un environnement \u00e0 plus grand volume. Donc j\u2019offre des options aux clients pour avoir le contr\u00f4le sur l\u2019environnement, comme avec ou sans musique ainsi qu\u2019une option de rendez-vous silencieux ou non. J\u2019ai aussi des temps de pause entre chaque personne pour \u00e9viter les croisements. Je pense que c\u2019est important de pouvoir recevoir des services par des personnes qui leur ressemble, et par des personnes dans qui les gens peuvent se reconna\u00eetre, des personnes \u00e0 qui on n\u2019a pas \u00e0 s\u2019expliquer ou \u00e0 se justifier.\u2009\u00bb<\/p>\n\n\n\n<h2 class=\"wp-block-heading\">Trouver l\u2019espace parfait<\/h2>\n\n\n\n<p>Si l\u2019id\u00e9e d\u2019ouvrir un studio trottait dans sa t\u00eate depuis un moment, la cr\u00e9ation de <em>Call Me Noam<\/em> a \u00e9t\u00e9 plus spontan\u00e9e. Noam a trouv\u00e9 l\u2019espace parfait vers la fin de l\u2019ann\u00e9e&nbsp;2020 et a d\u00e9cid\u00e9 de suivre son instinct. Il a saut\u00e9 sur l\u2019occasion pour ouvrir son propre studio, et tout s\u2019est pass\u00e9 tr\u00e8s vite apr\u00e8s cela.<\/p>\n\n\n\n<p>La construction du studio a \u00e9t\u00e9 achev\u00e9e en une semaine seulement, et Noam se souvient que les co\u00fbts de d\u00e9marrage pour faire d\u00e9coller le studio ont \u00e9t\u00e9 son plus grand d\u00e9fi. Noam a compt\u00e9 sur l\u2019aide de ses amis et de sa famille pour que l\u2019espace soit am\u00e9nag\u00e9 rapidement et pr\u00eat \u00e0 fonctionner. Il a \u00e9galement r\u00e9duit les co\u00fbts en utilisant des mat\u00e9riaux recycl\u00e9s et en achetant des meubles et des fournitures d\u2019occasion, comme sa chaise de coiffeur et son lavabo, qui ont souvent \u00e9t\u00e9 achet\u00e9s par <a href=\"https:\/\/www.interac.ca\/fr\/contenu\/entreprises\/un-autre-outil-de-paiement-dans-votre-arsenal-avec-virement-interac-pour-les-entreprises\/\">Virement <em>Interac<\/em><\/a>.<\/p>\n\n\n\n\n\n    <section id=\"carousel-block_62d18f3debba3\" class=\"split-carousel grid-container full\" style=\"margin-top: px; margin-bottom: px;\">\n        \n                            <div class=\"slickSlider\">\n                                        <div class=\"slide\">\n                        <div class=\"grid-container\">\n                            <div class=\"grid-x grid-padding-x\">\n                                                                                                        <h1 class=\"slide-title\"><\/h1>\n                                    <p><\/p>\n                                                                    <\/div>\n                                                                    <div class=\"cell small-12 slide-image\">\n                                                                    <figure class=\"figure\">\n                                        <img decoding=\"async\" width=\"2048\" height=\"1366\" data-src=\"https:\/\/www.interac.ca\/wp-content\/smush-webp\/2022\/07\/INT_Always-On-Marketing_PrideLife-FR_Carousel-1.jpg.webp\" class=\"attachment-fdivl size-fdivl lazyload\" alt=\"\" data-srcset=\"https:\/\/www.interac.ca\/wp-content\/smush-webp\/2022\/07\/INT_Always-On-Marketing_PrideLife-FR_Carousel-1.jpg.webp 2048w, https:\/\/www.interac.ca\/wp-content\/smush-webp\/2022\/07\/INT_Always-On-Marketing_PrideLife-FR_Carousel-1-300x200.jpg.webp 300w, https:\/\/www.interac.ca\/wp-content\/smush-webp\/2022\/07\/INT_Always-On-Marketing_PrideLife-FR_Carousel-1-1024x683.jpg.webp 1024w, https:\/\/www.interac.ca\/wp-content\/smush-webp\/2022\/07\/INT_Always-On-Marketing_PrideLife-FR_Carousel-1-768x512.jpg.webp 768w, https:\/\/www.interac.ca\/wp-content\/smush-webp\/2022\/07\/INT_Always-On-Marketing_PrideLife-FR_Carousel-1-1536x1025.jpg.webp 1536w\" data-sizes=\"auto\" src=\"data:image\/svg+xml;base64,PHN2ZyB3aWR0aD0iMSIgaGVpZ2h0PSIxIiB4bWxucz0iaHR0cDovL3d3dy53My5vcmcvMjAwMC9zdmciPjwvc3ZnPg==\" style=\"--smush-placeholder-width: 2048px; --smush-placeholder-aspect-ratio: 2048\/1366;\" data-original-sizes=\"(max-width: 2048px) 100vw, 2048px\" \/>                                    <\/figure>\n                                <\/div>\n                                                        <\/div>\n                    <\/div>\n                                        <div class=\"slide\">\n                        <div class=\"grid-container\">\n                            <div class=\"grid-x grid-padding-x\">\n                                                                                                        <h1 class=\"slide-title\"><\/h1>\n                                    <p><\/p>\n                                                                    <\/div>\n                                                                    <div class=\"cell small-12 slide-image\">\n                                                                    <figure class=\"figure\">\n                                        <img decoding=\"async\" width=\"2048\" height=\"1366\" data-src=\"https:\/\/www.interac.ca\/wp-content\/smush-webp\/2022\/07\/INT_Always-On-Marketing_PrideLife-FR_Carousel-2.jpg.webp\" class=\"attachment-fdivl size-fdivl lazyload\" alt=\"\" data-srcset=\"https:\/\/www.interac.ca\/wp-content\/smush-webp\/2022\/07\/INT_Always-On-Marketing_PrideLife-FR_Carousel-2.jpg.webp 2048w, https:\/\/www.interac.ca\/wp-content\/smush-webp\/2022\/07\/INT_Always-On-Marketing_PrideLife-FR_Carousel-2-300x200.jpg.webp 300w, https:\/\/www.interac.ca\/wp-content\/smush-webp\/2022\/07\/INT_Always-On-Marketing_PrideLife-FR_Carousel-2-1024x683.jpg.webp 1024w, https:\/\/www.interac.ca\/wp-content\/smush-webp\/2022\/07\/INT_Always-On-Marketing_PrideLife-FR_Carousel-2-768x512.jpg.webp 768w, https:\/\/www.interac.ca\/wp-content\/smush-webp\/2022\/07\/INT_Always-On-Marketing_PrideLife-FR_Carousel-2-1536x1025.jpg.webp 1536w\" data-sizes=\"auto\" src=\"data:image\/svg+xml;base64,PHN2ZyB3aWR0aD0iMSIgaGVpZ2h0PSIxIiB4bWxucz0iaHR0cDovL3d3dy53My5vcmcvMjAwMC9zdmciPjwvc3ZnPg==\" style=\"--smush-placeholder-width: 2048px; --smush-placeholder-aspect-ratio: 2048\/1366;\" data-original-sizes=\"(max-width: 2048px) 100vw, 2048px\" \/>                                    <\/figure>\n                                <\/div>\n                                                        <\/div>\n                    <\/div>\n                                        <div class=\"slide\">\n                        <div class=\"grid-container\">\n                            <div class=\"grid-x grid-padding-x\">\n                                                                                                        <h1 class=\"slide-title\"><\/h1>\n                                    <p><\/p>\n                                                                    <\/div>\n                                                                    <div class=\"cell small-12 slide-image\">\n                                                                    <figure class=\"figure\">\n                                        <img decoding=\"async\" width=\"2048\" height=\"1366\" data-src=\"https:\/\/www.interac.ca\/wp-content\/smush-webp\/2022\/07\/INT_Always-On-Marketing_PrideLife-FR_Carousel-3.jpg.webp\" class=\"attachment-fdivl size-fdivl lazyload\" alt=\"\" data-srcset=\"https:\/\/www.interac.ca\/wp-content\/smush-webp\/2022\/07\/INT_Always-On-Marketing_PrideLife-FR_Carousel-3.jpg.webp 2048w, https:\/\/www.interac.ca\/wp-content\/smush-webp\/2022\/07\/INT_Always-On-Marketing_PrideLife-FR_Carousel-3-300x200.jpg.webp 300w, https:\/\/www.interac.ca\/wp-content\/smush-webp\/2022\/07\/INT_Always-On-Marketing_PrideLife-FR_Carousel-3-1024x683.jpg.webp 1024w, https:\/\/www.interac.ca\/wp-content\/smush-webp\/2022\/07\/INT_Always-On-Marketing_PrideLife-FR_Carousel-3-768x512.jpg.webp 768w, https:\/\/www.interac.ca\/wp-content\/smush-webp\/2022\/07\/INT_Always-On-Marketing_PrideLife-FR_Carousel-3-1536x1025.jpg.webp 1536w\" data-sizes=\"auto\" src=\"data:image\/svg+xml;base64,PHN2ZyB3aWR0aD0iMSIgaGVpZ2h0PSIxIiB4bWxucz0iaHR0cDovL3d3dy53My5vcmcvMjAwMC9zdmciPjwvc3ZnPg==\" style=\"--smush-placeholder-width: 2048px; --smush-placeholder-aspect-ratio: 2048\/1366;\" data-original-sizes=\"(max-width: 2048px) 100vw, 2048px\" \/>                                    <\/figure>\n                                <\/div>\n                                                        <\/div>\n                    <\/div>\n                                        <div class=\"slide\">\n                        <div class=\"grid-container\">\n                            <div class=\"grid-x grid-padding-x\">\n                                                                                                        <h1 class=\"slide-title\"><\/h1>\n                                    <p><\/p>\n                                                                    <\/div>\n                                                                    <div class=\"cell small-12 slide-image\">\n                                                                    <figure class=\"figure\">\n                                        <img decoding=\"async\" width=\"2048\" height=\"1366\" data-src=\"https:\/\/www.interac.ca\/wp-content\/smush-webp\/2022\/07\/INT_Always-On-Marketing_PrideLife-FR_Carousel-4.jpg.webp\" class=\"attachment-fdivl size-fdivl lazyload\" alt=\"\" data-srcset=\"https:\/\/www.interac.ca\/wp-content\/smush-webp\/2022\/07\/INT_Always-On-Marketing_PrideLife-FR_Carousel-4.jpg.webp 2048w, https:\/\/www.interac.ca\/wp-content\/smush-webp\/2022\/07\/INT_Always-On-Marketing_PrideLife-FR_Carousel-4-300x200.jpg.webp 300w, https:\/\/www.interac.ca\/wp-content\/smush-webp\/2022\/07\/INT_Always-On-Marketing_PrideLife-FR_Carousel-4-1024x683.jpg.webp 1024w, https:\/\/www.interac.ca\/wp-content\/smush-webp\/2022\/07\/INT_Always-On-Marketing_PrideLife-FR_Carousel-4-768x512.jpg.webp 768w, https:\/\/www.interac.ca\/wp-content\/smush-webp\/2022\/07\/INT_Always-On-Marketing_PrideLife-FR_Carousel-4-1536x1025.jpg.webp 1536w\" data-sizes=\"auto\" src=\"data:image\/svg+xml;base64,PHN2ZyB3aWR0aD0iMSIgaGVpZ2h0PSIxIiB4bWxucz0iaHR0cDovL3d3dy53My5vcmcvMjAwMC9zdmciPjwvc3ZnPg==\" style=\"--smush-placeholder-width: 2048px; --smush-placeholder-aspect-ratio: 2048\/1366;\" data-original-sizes=\"(max-width: 2048px) 100vw, 2048px\" \/>                                    <\/figure>\n                                <\/div>\n                                                        <\/div>\n                    <\/div>\n                                    <\/div>\n                <\/section>\n    \n\n\n<p><\/p>\n\n\n\n<h2 class=\"wp-block-heading\">Le Virement <em>Interac<\/em> et les \u00e9chelles de prix<\/h2>\n\n\n\n<p>Noam pousse l\u2019inclusivit\u00e9 au maximum en utilisant une \u00e9chelle de prix, ce qui signifie que les clients peuvent choisir le montant qu\u2019ils d\u00e9sirent payer, dans une fourchette pr\u00e9\u00e9tablie. Cela permet \u00e0 un plus grand nombre de clients, qui peuvent \u00eatre moins privil\u00e9gi\u00e9s, d\u2019avoir acc\u00e8s \u00e0 des services de coiffure de qualit\u00e9. En ce qui concerne les options de paiement, <em>Call Me Noam<\/em> utilise le service de <a href=\"https:\/\/www.interac.ca\/fr\/entreprise\/nos-solutions\/virement-interac\/\">Virement <em>Interac<\/em><\/a><em> <\/em>comme seule m\u00e9thode de paiement. Noam explique qu\u2019il pr\u00e9f\u00e8re ce mode de paiement pour ses clients parce que les transactions sont faciles \u00e0 effectuer&nbsp;: les clients sont libres de choisir le montant qui leur convient \u00e0 l\u2019endroit o\u00f9 ils se sentent le plus confortable, que ce soit juste apr\u00e8s avoir pass\u00e9 la porte du salon ou une fois chez eux, et ce, sans ressentir aucune pression.<\/p>\n\n\n\n<p>\u00ab\u2009Avec une \u00e9chelle des prix, les gens vont choisir le montant qu\u2019ils veulent et ils n\u2019ont pas besoin de me le dire sur place. Je vais le voir quand ils vont m\u2019envoyer les fonds. \u00bb<\/p>\n\n\n\n<figure class=\"wp-block-pullquote\"><blockquote><p> Quand j\u2019ai commenc\u00e9 en tant que travailleur autonome, j\u2019utilisais seulement le service Virement<em> INTERAC<\/em> parce qu\u2019il n\u2019y avait pas de frais et je n\u2019avais pas besoin d\u2019outil comme une machine, ou une plateforme. Donc c\u2019est extr\u00eamement facile d\u2019utilisation. <\/p><\/blockquote><\/figure>\n\n\n\n<h2 class=\"wp-block-heading\">La coiffure, une affaire de famille<\/h2>\n\n\n\n<p>Noam est fier de dire que son p\u00e8re est son mentor, et qu\u2019il est la troisi\u00e8me g\u00e9n\u00e9ration de sa famille \u00e0 avoir son propre salon de coiffure. Ayant grandi dans le salon de son grand-p\u00e8re (aujourd\u2019hui celui de son p\u00e8re), Noam a pu voir les diff\u00e9rents aspects du m\u00e9tier, les bons comme les mauvais.<\/p>\n\n\n\n<p>Noam admet que devenir coiffeur n\u2019\u00e9tait pas son premier choix de carri\u00e8re. En fait, Noam a d\u2019abord obtenu un dipl\u00f4me en production d\u2019\u00e9v\u00e9nements. Cependant, apr\u00e8s avoir fait l\u2019exp\u00e9rience de sa premi\u00e8re \u00ab\u2009coupe de cheveux euphorique\u2009\u00bb, il a d\u00e9couvert le pouvoir d\u2019une bonne coupe de cheveux sur la psych\u00e9 et l\u2019humeur d\u2019une personne, et a finalement d\u00e9cid\u00e9 de poursuivre la tradition familiale.<\/p>\n\n\n\n<p>\u00ab\u2009Mon p\u00e8re est encore propri\u00e9taire de son salon, qui appartenait \u00e0 mon grand-p\u00e8re, et cette ann\u00e9e, c\u2019est le 60e&nbsp;anniversaire du salon. Je pense qu\u2019il voit en moi un c\u00f4t\u00e9 innovateur du milieu qu\u2019il conna\u00eet beaucoup. Quand je lui ai parl\u00e9 de mon id\u00e9e, je pense qu\u2019il \u00e9tait inspir\u00e9 par les possibilit\u00e9s que je pouvais apporter au milieu de la coiffure.\u2009\u00bb<\/p>\n\n\n\n<h2 class=\"wp-block-heading\">Grandir, une chaise \u00e0 la fois<\/h2>\n\n\n\n<figure class=\"wp-block-image alignright size-large is-resized\"><img decoding=\"async\" data-src=\"https:\/\/www.interac.ca\/wp-content\/smush-webp\/2022\/07\/INT_Always-On-Marketing_PrideLife-FR_Brand-Question-693x1024.png.webp\" alt=\"\" class=\"wp-image-98309 lazyload\" width=\"347\" height=\"512\" data-srcset=\"https:\/\/www.interac.ca\/wp-content\/smush-webp\/2022\/07\/INT_Always-On-Marketing_PrideLife-FR_Brand-Question-693x1024.png.webp 693w, https:\/\/www.interac.ca\/wp-content\/smush-webp\/2022\/07\/INT_Always-On-Marketing_PrideLife-FR_Brand-Question-203x300.png.webp 203w, https:\/\/www.interac.ca\/wp-content\/smush-webp\/2022\/07\/INT_Always-On-Marketing_PrideLife-FR_Brand-Question-768x1135.png.webp 768w, https:\/\/www.interac.ca\/wp-content\/smush-webp\/2022\/07\/INT_Always-On-Marketing_PrideLife-FR_Brand-Question-1040x1536.png.webp 1040w, https:\/\/www.interac.ca\/wp-content\/smush-webp\/2022\/07\/INT_Always-On-Marketing_PrideLife-FR_Brand-Question.png.webp 1221w\" data-sizes=\"auto\" src=\"data:image\/svg+xml;base64,PHN2ZyB3aWR0aD0iMSIgaGVpZ2h0PSIxIiB4bWxucz0iaHR0cDovL3d3dy53My5vcmcvMjAwMC9zdmciPjwvc3ZnPg==\" style=\"--smush-placeholder-width: 347px; --smush-placeholder-aspect-ratio: 347\/512;\" data-original-sizes=\"(max-width: 347px) 100vw, 347px\" \/><\/figure>\n\n\n\n<p>Noam est tr\u00e8s fier de ce qu\u2019il a accompli jusqu\u2019\u00e0 pr\u00e9sent avec <em>Call Me Noam<\/em>, mais ce n\u2019est qu\u2019un d\u00e9but. Il planifie d\u00e9j\u00e0 d\u2019agrandir l\u2019entreprise en y ajoutant des espaces priv\u00e9s pour la coiffure, d\u2019autres pratiques pour soutenir la communaut\u00e9 queer, comme des ateliers et des \u00e9v\u00e9nements. Ses r\u00eaves sont ambitieux, mais Noam pense qu\u2019ils sont r\u00e9alisables en proc\u00e9dant \u00e9tape par \u00e9tape ; c\u2019est une le\u00e7on qu\u2019il aurait aim\u00e9 conna\u00eetre plus t\u00f4t.<\/p>\n\n\n\n<p>\u00ab\u2009Je pense que c\u2019est bien d\u2019avoir une vision puis d\u2019avoir des projets, mais de le rendre r\u00e9aliste et d\u2019avoir confiance que la vision qu\u2019on a est possible, que \u00e7a peut arriver, mais \u00e7a peut prendre du temps. Il y a un d\u00e9part \u00e0 faire, et puis on travaille tranquillement jusqu\u2019au r\u00e9sultat final. De ne pas essayer d\u2019avoir le r\u00e9sultat final d\u00e8s le d\u00e9but, c\u2019est de voir qu\u2019il y a une \u00e9volution. C\u2019est le genre de conseils que j\u2019aurais aim\u00e9 me donner \u00e0 moi-m\u00eame parce que je suis un peu perfectionniste, j\u2019aime que les choses soient faites parfaitement d\u00e8s le d\u00e9part. Mais je pense que notre projet devient plus r\u00e9aliste au moment on se donne la place \u00e0 l\u2019imperfection.\u2009\u00bb<\/p>\n\n\n\n<figure class=\"wp-block-embed is-type-video is-provider-youtube wp-block-embed-youtube wp-embed-aspect-16-9 wp-has-aspect-ratio\"><div class=\"wp-block-embed__wrapper\">\n<iframe title=\"La Fiert\u00e9 de Noam\" width=\"500\" height=\"281\" src=\"https:\/\/www.youtube.com\/embed\/CCRactfVYlg?feature=oembed\" frameborder=\"0\" allow=\"accelerometer; autoplay; clipboard-write; encrypted-media; gyroscope; picture-in-picture; web-share\" referrerpolicy=\"strict-origin-when-cross-origin\" allowfullscreen><\/iframe>\n<\/div><\/figure>\n\n\n\n<figure class=\"wp-block-image size-full\"><img decoding=\"async\" width=\"1167\" height=\"448\" data-src=\"https:\/\/www.interac.ca\/wp-content\/smush-webp\/2022\/07\/INT_Always-On-Marketing_PrideLife-FR_Brand-Message.png.webp\" alt=\"\" class=\"wp-image-98307 lazyload\" data-srcset=\"https:\/\/www.interac.ca\/wp-content\/smush-webp\/2022\/07\/INT_Always-On-Marketing_PrideLife-FR_Brand-Message.png.webp 1167w, https:\/\/www.interac.ca\/wp-content\/smush-webp\/2022\/07\/INT_Always-On-Marketing_PrideLife-FR_Brand-Message-300x115.png.webp 300w, https:\/\/www.interac.ca\/wp-content\/smush-webp\/2022\/07\/INT_Always-On-Marketing_PrideLife-FR_Brand-Message-1024x393.png.webp 1024w, https:\/\/www.interac.ca\/wp-content\/smush-webp\/2022\/07\/INT_Always-On-Marketing_PrideLife-FR_Brand-Message-768x295.png.webp 768w\" data-sizes=\"auto\" src=\"data:image\/svg+xml;base64,PHN2ZyB3aWR0aD0iMSIgaGVpZ2h0PSIxIiB4bWxucz0iaHR0cDovL3d3dy53My5vcmcvMjAwMC9zdmciPjwvc3ZnPg==\" style=\"--smush-placeholder-width: 1167px; --smush-placeholder-aspect-ratio: 1167\/448;\" data-original-sizes=\"(max-width: 1167px) 100vw, 1167px\" \/><\/figure>\n","protected":false},"excerpt":{"rendered":"<p>L\u2019identit\u00e9 est un \u00e9l\u00e9ment important d\u2019une compagnie, peu importe son ampleur. Pour Noam, une personne transgenre qui a explor\u00e9 son identit\u00e9 de genre pour pouvoir vivre sa v\u00e9rit\u00e9, c\u2019est essentiel. Il se souvenait de la force que lui avait procur\u00e9e sa premi\u00e8re coupe de cheveux d\u2019affirmation de genre, mais aussi de l\u2019ambiance intimidante et \u00e9crasante&hellip;<\/p>\n","protected":false},"author":16,"featured_media":98319,"template":"","format":"standard","meta":{"_acf_changed":false,"footnotes":""},"content-tags":[959,742,732],"content-category":[198],"spokespeople":[],"in_the_know_post_format":[178],"class_list":["post-94965","content","type-content","status-publish","format-standard","has-post-thumbnail","hentry","content-tags-culture-communaute","content-tags-petite-entreprise","content-tags-virement-interac","content-category-vie","in_the_know_post_format-article-fr"],"acf":[],"yoast_head":"<!-- This site is optimized with the Yoast SEO Premium plugin v27.4 (Yoast SEO v27.4) - https:\/\/yoast.com\/product\/yoast-seo-premium-wordpress\/ -->\n<title>Le studio de coiffure Call Me Noam red\u00e9finit la notion d\u2019inclusivit\u00e9<\/title>\n<meta name=\"description\" content=\"La jeune personne trans Noam lance son propre studio de coiffure inclusif et plus s\u00e9curitaire en mode priv\u00e9 pour sa client\u00e8le queer.\" \/>\n<meta name=\"robots\" content=\"index, follow, max-snippet:-1, max-image-preview:large, max-video-preview:-1\" \/>\n<link rel=\"canonical\" href=\"https:\/\/www.interac.ca\/fr\/contenu\/vie\/construire-un-studio-inclusif-une-coupe-de-cheveux-a-la-fois\/\" \/>\n<meta property=\"og:locale\" content=\"fr_CA\" \/>\n<meta property=\"og:type\" content=\"article\" \/>\n<meta property=\"og:title\" content=\"Construire un studio inclusif, une coupe de cheveux \u00e0 la fois\" \/>\n<meta property=\"og:description\" content=\"L\u2019identit\u00e9 est un \u00e9l\u00e9ment important d\u2019une compagnie, peu importe son ampleur. Pour Noam, une personne transgenre qui a explor\u00e9 son identit\u00e9 de genre pour\" \/>\n<meta property=\"og:url\" content=\"https:\/\/www.interac.ca\/fr\/contenu\/vie\/construire-un-studio-inclusif-une-coupe-de-cheveux-a-la-fois\/\" \/>\n<meta property=\"og:site_name\" content=\"Interac\" \/>\n<meta property=\"article:publisher\" content=\"https:\/\/www.facebook.com\/interac\" \/>\n<meta property=\"article:modified_time\" content=\"2025-07-07T20:16:46+00:00\" \/>\n<meta property=\"og:image\" content=\"https:\/\/www.interac.ca\/wp-content\/uploads\/2022\/07\/INT_Always-On-Marketing_PrideLife-FR_Header.jpg\" \/>\n\t<meta property=\"og:image:width\" content=\"2400\" \/>\n\t<meta property=\"og:image:height\" content=\"1325\" \/>\n\t<meta property=\"og:image:type\" content=\"image\/jpeg\" \/>\n<meta name=\"twitter:card\" content=\"summary_large_image\" \/>\n<meta name=\"twitter:site\" content=\"@interac\" \/>\n<meta name=\"twitter:label1\" content=\"Estimation du temps de lecture\" \/>\n\t<meta name=\"twitter:data1\" content=\"6 minutes\" \/>\n<script type=\"application\/ld+json\" class=\"yoast-schema-graph\">{\"@context\":\"https:\\\/\\\/schema.org\",\"@graph\":[{\"@type\":\"WebPage\",\"@id\":\"https:\\\/\\\/www.interac.ca\\\/fr\\\/contenu\\\/vie\\\/construire-un-studio-inclusif-une-coupe-de-cheveux-a-la-fois\\\/\",\"url\":\"https:\\\/\\\/www.interac.ca\\\/fr\\\/contenu\\\/vie\\\/construire-un-studio-inclusif-une-coupe-de-cheveux-a-la-fois\\\/\",\"name\":\"Le studio de coiffure Call Me Noam red\u00e9finit la notion d\u2019inclusivit\u00e9\",\"isPartOf\":{\"@id\":\"https:\\\/\\\/www.interac.ca\\\/fr\\\/#website\"},\"primaryImageOfPage\":{\"@id\":\"https:\\\/\\\/www.interac.ca\\\/fr\\\/contenu\\\/vie\\\/construire-un-studio-inclusif-une-coupe-de-cheveux-a-la-fois\\\/#primaryimage\"},\"image\":{\"@id\":\"https:\\\/\\\/www.interac.ca\\\/fr\\\/contenu\\\/vie\\\/construire-un-studio-inclusif-une-coupe-de-cheveux-a-la-fois\\\/#primaryimage\"},\"thumbnailUrl\":\"https:\\\/\\\/www.interac.ca\\\/wp-content\\\/uploads\\\/2022\\\/07\\\/INT_Always-On-Marketing_PrideLife-FR_Header.jpg\",\"datePublished\":\"2022-07-26T13:48:31+00:00\",\"dateModified\":\"2025-07-07T20:16:46+00:00\",\"description\":\"La jeune personne trans Noam lance son propre studio de coiffure inclusif et plus s\u00e9curitaire en mode priv\u00e9 pour sa client\u00e8le queer.\",\"breadcrumb\":{\"@id\":\"https:\\\/\\\/www.interac.ca\\\/fr\\\/contenu\\\/vie\\\/construire-un-studio-inclusif-une-coupe-de-cheveux-a-la-fois\\\/#breadcrumb\"},\"inLanguage\":\"fr-CA\",\"potentialAction\":[{\"@type\":\"ReadAction\",\"target\":[\"https:\\\/\\\/www.interac.ca\\\/fr\\\/contenu\\\/vie\\\/construire-un-studio-inclusif-une-coupe-de-cheveux-a-la-fois\\\/\"]}]},{\"@type\":\"ImageObject\",\"inLanguage\":\"fr-CA\",\"@id\":\"https:\\\/\\\/www.interac.ca\\\/fr\\\/contenu\\\/vie\\\/construire-un-studio-inclusif-une-coupe-de-cheveux-a-la-fois\\\/#primaryimage\",\"url\":\"https:\\\/\\\/www.interac.ca\\\/wp-content\\\/uploads\\\/2022\\\/07\\\/INT_Always-On-Marketing_PrideLife-FR_Header.jpg\",\"contentUrl\":\"https:\\\/\\\/www.interac.ca\\\/wp-content\\\/uploads\\\/2022\\\/07\\\/INT_Always-On-Marketing_PrideLife-FR_Header.jpg\",\"width\":2400,\"height\":1325},{\"@type\":\"BreadcrumbList\",\"@id\":\"https:\\\/\\\/www.interac.ca\\\/fr\\\/contenu\\\/vie\\\/construire-un-studio-inclusif-une-coupe-de-cheveux-a-la-fois\\\/#breadcrumb\",\"itemListElement\":[{\"@type\":\"ListItem\",\"position\":1,\"name\":\"Accueil\",\"item\":\"https:\\\/\\\/www.interac.ca\\\/fr\\\/\"},{\"@type\":\"ListItem\",\"position\":2,\"name\":\"Construire un studio inclusif, une coupe de cheveux \u00e0 la fois\"}]},{\"@type\":\"WebSite\",\"@id\":\"https:\\\/\\\/www.interac.ca\\\/fr\\\/#website\",\"url\":\"https:\\\/\\\/www.interac.ca\\\/fr\\\/\",\"name\":\"Interac\",\"description\":\"\",\"publisher\":{\"@id\":\"https:\\\/\\\/www.interac.ca\\\/fr\\\/#organization\"},\"potentialAction\":[{\"@type\":\"SearchAction\",\"target\":{\"@type\":\"EntryPoint\",\"urlTemplate\":\"https:\\\/\\\/www.interac.ca\\\/fr\\\/?s={search_term_string}\"},\"query-input\":{\"@type\":\"PropertyValueSpecification\",\"valueRequired\":true,\"valueName\":\"search_term_string\"}}],\"inLanguage\":\"fr-CA\"},{\"@type\":\"Organization\",\"@id\":\"https:\\\/\\\/www.interac.ca\\\/fr\\\/#organization\",\"name\":\"Interac Corp.\",\"url\":\"https:\\\/\\\/www.interac.ca\\\/fr\\\/\",\"logo\":{\"@type\":\"ImageObject\",\"inLanguage\":\"fr-CA\",\"@id\":\"https:\\\/\\\/www.interac.ca\\\/fr\\\/#\\\/schema\\\/logo\\\/image\\\/\",\"url\":\"https:\\\/\\\/www.interac.ca\\\/wp-content\\\/uploads\\\/2022\\\/03\\\/Interac_Two-Colour_RGB.png\",\"contentUrl\":\"https:\\\/\\\/www.interac.ca\\\/wp-content\\\/uploads\\\/2022\\\/03\\\/Interac_Two-Colour_RGB.png\",\"width\":2210,\"height\":2210,\"caption\":\"Interac Corp.\"},\"image\":{\"@id\":\"https:\\\/\\\/www.interac.ca\\\/fr\\\/#\\\/schema\\\/logo\\\/image\\\/\"},\"sameAs\":[\"https:\\\/\\\/www.facebook.com\\\/interac\",\"https:\\\/\\\/x.com\\\/interac\",\"https:\\\/\\\/www.instagram.com\\\/interac\\\/\",\"https:\\\/\\\/www.linkedin.com\\\/company\\\/interac-corp\\\/\",\"https:\\\/\\\/www.youtube.com\\\/user\\\/InteracBrand\"]}]}<\/script>\n<!-- \/ Yoast SEO Premium plugin. -->","yoast_head_json":{"title":"Le studio de coiffure Call Me Noam red\u00e9finit la notion d\u2019inclusivit\u00e9","description":"La jeune personne trans Noam lance son propre studio de coiffure inclusif et plus s\u00e9curitaire en mode priv\u00e9 pour sa client\u00e8le queer.","robots":{"index":"index","follow":"follow","max-snippet":"max-snippet:-1","max-image-preview":"max-image-preview:large","max-video-preview":"max-video-preview:-1"},"canonical":"https:\/\/www.interac.ca\/fr\/contenu\/vie\/construire-un-studio-inclusif-une-coupe-de-cheveux-a-la-fois\/","og_locale":"fr_CA","og_type":"article","og_title":"Construire un studio inclusif, une coupe de cheveux \u00e0 la fois","og_description":"L\u2019identit\u00e9 est un \u00e9l\u00e9ment important d\u2019une compagnie, peu importe son ampleur. Pour Noam, une personne transgenre qui a explor\u00e9 son identit\u00e9 de genre pour","og_url":"https:\/\/www.interac.ca\/fr\/contenu\/vie\/construire-un-studio-inclusif-une-coupe-de-cheveux-a-la-fois\/","og_site_name":"Interac","article_publisher":"https:\/\/www.facebook.com\/interac","article_modified_time":"2025-07-07T20:16:46+00:00","og_image":[{"width":2400,"height":1325,"url":"https:\/\/www.interac.ca\/wp-content\/uploads\/2022\/07\/INT_Always-On-Marketing_PrideLife-FR_Header.jpg","type":"image\/jpeg"}],"twitter_card":"summary_large_image","twitter_site":"@interac","twitter_misc":{"Estimation du temps de lecture":"6 minutes"},"schema":{"@context":"https:\/\/schema.org","@graph":[{"@type":"WebPage","@id":"https:\/\/www.interac.ca\/fr\/contenu\/vie\/construire-un-studio-inclusif-une-coupe-de-cheveux-a-la-fois\/","url":"https:\/\/www.interac.ca\/fr\/contenu\/vie\/construire-un-studio-inclusif-une-coupe-de-cheveux-a-la-fois\/","name":"Le studio de coiffure Call Me Noam red\u00e9finit la notion d\u2019inclusivit\u00e9","isPartOf":{"@id":"https:\/\/www.interac.ca\/fr\/#website"},"primaryImageOfPage":{"@id":"https:\/\/www.interac.ca\/fr\/contenu\/vie\/construire-un-studio-inclusif-une-coupe-de-cheveux-a-la-fois\/#primaryimage"},"image":{"@id":"https:\/\/www.interac.ca\/fr\/contenu\/vie\/construire-un-studio-inclusif-une-coupe-de-cheveux-a-la-fois\/#primaryimage"},"thumbnailUrl":"https:\/\/www.interac.ca\/wp-content\/uploads\/2022\/07\/INT_Always-On-Marketing_PrideLife-FR_Header.jpg","datePublished":"2022-07-26T13:48:31+00:00","dateModified":"2025-07-07T20:16:46+00:00","description":"La jeune personne trans Noam lance son propre studio de coiffure inclusif et plus s\u00e9curitaire en mode priv\u00e9 pour sa client\u00e8le queer.","breadcrumb":{"@id":"https:\/\/www.interac.ca\/fr\/contenu\/vie\/construire-un-studio-inclusif-une-coupe-de-cheveux-a-la-fois\/#breadcrumb"},"inLanguage":"fr-CA","potentialAction":[{"@type":"ReadAction","target":["https:\/\/www.interac.ca\/fr\/contenu\/vie\/construire-un-studio-inclusif-une-coupe-de-cheveux-a-la-fois\/"]}]},{"@type":"ImageObject","inLanguage":"fr-CA","@id":"https:\/\/www.interac.ca\/fr\/contenu\/vie\/construire-un-studio-inclusif-une-coupe-de-cheveux-a-la-fois\/#primaryimage","url":"https:\/\/www.interac.ca\/wp-content\/uploads\/2022\/07\/INT_Always-On-Marketing_PrideLife-FR_Header.jpg","contentUrl":"https:\/\/www.interac.ca\/wp-content\/uploads\/2022\/07\/INT_Always-On-Marketing_PrideLife-FR_Header.jpg","width":2400,"height":1325},{"@type":"BreadcrumbList","@id":"https:\/\/www.interac.ca\/fr\/contenu\/vie\/construire-un-studio-inclusif-une-coupe-de-cheveux-a-la-fois\/#breadcrumb","itemListElement":[{"@type":"ListItem","position":1,"name":"Accueil","item":"https:\/\/www.interac.ca\/fr\/"},{"@type":"ListItem","position":2,"name":"Construire un studio inclusif, une coupe de cheveux \u00e0 la fois"}]},{"@type":"WebSite","@id":"https:\/\/www.interac.ca\/fr\/#website","url":"https:\/\/www.interac.ca\/fr\/","name":"Interac","description":"","publisher":{"@id":"https:\/\/www.interac.ca\/fr\/#organization"},"potentialAction":[{"@type":"SearchAction","target":{"@type":"EntryPoint","urlTemplate":"https:\/\/www.interac.ca\/fr\/?s={search_term_string}"},"query-input":{"@type":"PropertyValueSpecification","valueRequired":true,"valueName":"search_term_string"}}],"inLanguage":"fr-CA"},{"@type":"Organization","@id":"https:\/\/www.interac.ca\/fr\/#organization","name":"Interac Corp.","url":"https:\/\/www.interac.ca\/fr\/","logo":{"@type":"ImageObject","inLanguage":"fr-CA","@id":"https:\/\/www.interac.ca\/fr\/#\/schema\/logo\/image\/","url":"https:\/\/www.interac.ca\/wp-content\/uploads\/2022\/03\/Interac_Two-Colour_RGB.png","contentUrl":"https:\/\/www.interac.ca\/wp-content\/uploads\/2022\/03\/Interac_Two-Colour_RGB.png","width":2210,"height":2210,"caption":"Interac Corp."},"image":{"@id":"https:\/\/www.interac.ca\/fr\/#\/schema\/logo\/image\/"},"sameAs":["https:\/\/www.facebook.com\/interac","https:\/\/x.com\/interac","https:\/\/www.instagram.com\/interac\/","https:\/\/www.linkedin.com\/company\/interac-corp\/","https:\/\/www.youtube.com\/user\/InteracBrand"]}]}},"_links":{"self":[{"href":"https:\/\/www.interac.ca\/fr\/wp-json\/wp\/v2\/content\/94965","targetHints":{"allow":["GET"]}}],"collection":[{"href":"https:\/\/www.interac.ca\/fr\/wp-json\/wp\/v2\/content"}],"about":[{"href":"https:\/\/www.interac.ca\/fr\/wp-json\/wp\/v2\/types\/content"}],"author":[{"embeddable":true,"href":"https:\/\/www.interac.ca\/fr\/wp-json\/wp\/v2\/users\/16"}],"version-history":[{"count":0,"href":"https:\/\/www.interac.ca\/fr\/wp-json\/wp\/v2\/content\/94965\/revisions"}],"wp:featuredmedia":[{"embeddable":true,"href":"https:\/\/www.interac.ca\/fr\/wp-json\/wp\/v2\/media\/98319"}],"wp:attachment":[{"href":"https:\/\/www.interac.ca\/fr\/wp-json\/wp\/v2\/media?parent=94965"}],"wp:term":[{"taxonomy":"content-tags","embeddable":true,"href":"https:\/\/www.interac.ca\/fr\/wp-json\/wp\/v2\/content-tags?post=94965"},{"taxonomy":"content-category","embeddable":true,"href":"https:\/\/www.interac.ca\/fr\/wp-json\/wp\/v2\/content-category?post=94965"},{"taxonomy":"spokespeople","embeddable":true,"href":"https:\/\/www.interac.ca\/fr\/wp-json\/wp\/v2\/spokespeople?post=94965"},{"taxonomy":"in_the_know_post_format","embeddable":true,"href":"https:\/\/www.interac.ca\/fr\/wp-json\/wp\/v2\/in_the_know_post_format?post=94965"}],"curies":[{"name":"wp","href":"https:\/\/api.w.org\/{rel}","templated":true}]}}