{"id":94056,"date":"2022-06-20T04:00:00","date_gmt":"2022-06-20T04:00:00","guid":{"rendered":"https:\/\/interac1.wpengine.com\/?post_type=content&#038;p=94056"},"modified":"2025-07-07T16:16:58","modified_gmt":"2025-07-07T20:16:58","slug":"varda-etienne-une-artiste-qui-vit-la-vie-au-maximum","status":"publish","type":"content","link":"https:\/\/www.interac.ca\/fr\/contenu\/vie\/varda-etienne-une-artiste-qui-vit-la-vie-au-maximum\/","title":{"rendered":"Varda \u00c9tienne, une artiste disciplin\u00e9e et d\u00e9complex\u00e9e qui vit la vie au maximum"},"content":{"rendered":"\n<p>Varda \u00c9tienne est une femme aux multiples talents&nbsp;: elle est \u00e0 la fois journaliste, autrice, femme d\u2019affaires, cr\u00e9atrice de contenu et artiste. Elle interview des vedettes depuis 21&nbsp;ans \u00e0 la t\u00e9l\u00e9vision, elle signe quatre livres, et est en train d\u2019en r\u00e9diger deux autres\u2009; elle anime un podcast appel\u00e9 <a href=\"https:\/\/studiovingtetun.podbean.com\/\">BaVARDAge\u2009<\/a>; elle a lanc\u00e9 une s\u00e9rie documentaire au printemps dernier et en a deux autres en production\u2009; et elle fait ses d\u00e9buts \u00e0 la radio cet automne avec V\u00e9ronique Cloutier et les Fantastiques sur les ondes de Rouge FM. Malgr\u00e9 son emploi du temps charg\u00e9, elle parvient \u00e0 tenir son public au courant sur les m\u00e9dias sociaux avec des sketches hilarants, des conseils et des discussions authentiques sur sa vie ainsi qu\u2019\u00e0 propos de sa sant\u00e9 mentale. \u00c9tienne est atteinte du trouble bipolaire et du trouble de la personnalit\u00e9 limite, et la sant\u00e9 mentale est l\u2019une des nombreuses causes qu\u2019elle d\u00e9fend, notamment \u00e0 travers sa s\u00e9rie documentaire intitul\u00e9e \u00ab\u2009Les enfants invisibles\u2009\u00bb, dans laquelle elle donne la parole aux enfants de personnes atteintes de maladie mentale. <strong><\/strong><\/p>\n\n\n\n<h2 class=\"wp-block-heading\" id=\"h-elle-meme-sans-filtre\">Elle-m\u00eame, sans filtre<\/h2>\n\n\n\n<p>Lorsqu\u2019on lui demande de se d\u00e9crire, \u00c9tienne r\u00e9pond qu\u2019elle est d\u2019abord une artiste, mais aussi, et avant tout une m\u00e8re. Elle a trois enfants, dont une adolescente, et ils sont sa priorit\u00e9 financi\u00e8re. S\u2019assurer de subvenir \u00e0 leurs besoins l\u2019a rendue plus disciplin\u00e9e, dit-elle, et le service Virement <em>Interac<\/em> l\u2019a aid\u00e9e dans des situations que tout parent d\u2019adolescents a d\u00e9j\u00e0 v\u00e9cues : \u00ab\u2009Lorsque mes enfants m\u2019appellent au milieu de la nuit parce qu\u2019ils n\u2019ont plus d\u2019argent pour prendre un taxi pour rentrer \u00e0 la maison, ou qu\u2019ils sont au restaurant et qu\u2019ils n\u2019ont plus d\u2019argent pour payer l\u2019addition, la solution la plus simple est de leur envoyer un <a href=\"https:\/\/www.interac.ca\/fr\/consommateur\/produits\/virement-interac\/\">Virement <em>Interac<\/em>.<\/a> C\u2019est une v\u00e9ritable bou\u00e9e de sauvetage quand on a des enfants.\u2009\u00bb<\/p>\n\n\n\n\n\n    <section id=\"carousel-block_62acc37fe8ea1\" class=\"split-carousel grid-container full\" style=\"margin-top: px; margin-bottom: px;\">\n        \n                            <div class=\"slickSlider\">\n                                        <div class=\"slide\">\n                        <div class=\"grid-container\">\n                            <div class=\"grid-x grid-padding-x\">\n                                                                                                        <h1 class=\"slide-title\"><\/h1>\n                                    <p><\/p>\n                                                                    <\/div>\n                                                                    <div class=\"cell small-12 slide-image\">\n                                                                    <figure class=\"figure\">\n                                        <img decoding=\"async\" width=\"2048\" height=\"1366\" data-src=\"https:\/\/www.interac.ca\/wp-content\/smush-webp\/2022\/06\/INT_Always-On-Marketing_CreatorLife-FR_Carousel-1.jpg.webp\" class=\"attachment-fdivl size-fdivl lazyload\" alt=\"\" data-srcset=\"https:\/\/www.interac.ca\/wp-content\/smush-webp\/2022\/06\/INT_Always-On-Marketing_CreatorLife-FR_Carousel-1.jpg.webp 2048w, https:\/\/www.interac.ca\/wp-content\/smush-webp\/2022\/06\/INT_Always-On-Marketing_CreatorLife-FR_Carousel-1-300x200.jpg.webp 300w, https:\/\/www.interac.ca\/wp-content\/smush-webp\/2022\/06\/INT_Always-On-Marketing_CreatorLife-FR_Carousel-1-1024x683.jpg.webp 1024w, https:\/\/www.interac.ca\/wp-content\/smush-webp\/2022\/06\/INT_Always-On-Marketing_CreatorLife-FR_Carousel-1-768x512.jpg.webp 768w, https:\/\/www.interac.ca\/wp-content\/smush-webp\/2022\/06\/INT_Always-On-Marketing_CreatorLife-FR_Carousel-1-1536x1025.jpg.webp 1536w\" data-sizes=\"auto\" src=\"data:image\/svg+xml;base64,PHN2ZyB3aWR0aD0iMSIgaGVpZ2h0PSIxIiB4bWxucz0iaHR0cDovL3d3dy53My5vcmcvMjAwMC9zdmciPjwvc3ZnPg==\" style=\"--smush-placeholder-width: 2048px; --smush-placeholder-aspect-ratio: 2048\/1366;\" data-original-sizes=\"(max-width: 2048px) 100vw, 2048px\" \/>                                    <\/figure>\n                                <\/div>\n                                                        <\/div>\n                    <\/div>\n                                        <div class=\"slide\">\n                        <div class=\"grid-container\">\n                            <div class=\"grid-x grid-padding-x\">\n                                                                                                        <h1 class=\"slide-title\"><\/h1>\n                                    <p><\/p>\n                                                                    <\/div>\n                                                                    <div class=\"cell small-12 slide-image\">\n                                                                    <figure class=\"figure\">\n                                        <img decoding=\"async\" width=\"2048\" height=\"1366\" data-src=\"https:\/\/www.interac.ca\/wp-content\/smush-webp\/2022\/06\/INT_Always-On-Marketing_CreatorLife-FR_Carousel-2.jpg.webp\" class=\"attachment-fdivl size-fdivl lazyload\" alt=\"\" data-srcset=\"https:\/\/www.interac.ca\/wp-content\/smush-webp\/2022\/06\/INT_Always-On-Marketing_CreatorLife-FR_Carousel-2.jpg.webp 2048w, https:\/\/www.interac.ca\/wp-content\/smush-webp\/2022\/06\/INT_Always-On-Marketing_CreatorLife-FR_Carousel-2-300x200.jpg.webp 300w, https:\/\/www.interac.ca\/wp-content\/smush-webp\/2022\/06\/INT_Always-On-Marketing_CreatorLife-FR_Carousel-2-1024x683.jpg.webp 1024w, https:\/\/www.interac.ca\/wp-content\/smush-webp\/2022\/06\/INT_Always-On-Marketing_CreatorLife-FR_Carousel-2-768x512.jpg.webp 768w, https:\/\/www.interac.ca\/wp-content\/smush-webp\/2022\/06\/INT_Always-On-Marketing_CreatorLife-FR_Carousel-2-1536x1025.jpg.webp 1536w\" data-sizes=\"auto\" src=\"data:image\/svg+xml;base64,PHN2ZyB3aWR0aD0iMSIgaGVpZ2h0PSIxIiB4bWxucz0iaHR0cDovL3d3dy53My5vcmcvMjAwMC9zdmciPjwvc3ZnPg==\" style=\"--smush-placeholder-width: 2048px; --smush-placeholder-aspect-ratio: 2048\/1366;\" data-original-sizes=\"(max-width: 2048px) 100vw, 2048px\" \/>                                    <\/figure>\n                                <\/div>\n                                                        <\/div>\n                    <\/div>\n                                        <div class=\"slide\">\n                        <div class=\"grid-container\">\n                            <div class=\"grid-x grid-padding-x\">\n                                                                                                        <h1 class=\"slide-title\"><\/h1>\n                                    <p><\/p>\n                                                                    <\/div>\n                                                                    <div class=\"cell small-12 slide-image\">\n                                                                    <figure class=\"figure\">\n                                        <img decoding=\"async\" width=\"2048\" height=\"1366\" data-src=\"https:\/\/www.interac.ca\/wp-content\/smush-webp\/2022\/06\/INT_Always-On-Marketing_CreatorLife-FR_Carousel-3.jpg.webp\" class=\"attachment-fdivl size-fdivl lazyload\" alt=\"\" data-srcset=\"https:\/\/www.interac.ca\/wp-content\/smush-webp\/2022\/06\/INT_Always-On-Marketing_CreatorLife-FR_Carousel-3.jpg.webp 2048w, https:\/\/www.interac.ca\/wp-content\/smush-webp\/2022\/06\/INT_Always-On-Marketing_CreatorLife-FR_Carousel-3-300x200.jpg.webp 300w, https:\/\/www.interac.ca\/wp-content\/smush-webp\/2022\/06\/INT_Always-On-Marketing_CreatorLife-FR_Carousel-3-1024x683.jpg.webp 1024w, https:\/\/www.interac.ca\/wp-content\/smush-webp\/2022\/06\/INT_Always-On-Marketing_CreatorLife-FR_Carousel-3-768x512.jpg.webp 768w, https:\/\/www.interac.ca\/wp-content\/smush-webp\/2022\/06\/INT_Always-On-Marketing_CreatorLife-FR_Carousel-3-1536x1025.jpg.webp 1536w\" data-sizes=\"auto\" src=\"data:image\/svg+xml;base64,PHN2ZyB3aWR0aD0iMSIgaGVpZ2h0PSIxIiB4bWxucz0iaHR0cDovL3d3dy53My5vcmcvMjAwMC9zdmciPjwvc3ZnPg==\" style=\"--smush-placeholder-width: 2048px; --smush-placeholder-aspect-ratio: 2048\/1366;\" data-original-sizes=\"(max-width: 2048px) 100vw, 2048px\" \/>                                    <\/figure>\n                                <\/div>\n                                                        <\/div>\n                    <\/div>\n                                    <\/div>\n                <\/section>\n    \n\n\n<p><\/p>\n\n\n\n<p>Elle attribue son r\u00e9cent succ\u00e8s au fait d\u2019\u00eatre elle-m\u00eame sans complexe dans le contenu qu\u2019elle cr\u00e9e et dans la fa\u00e7on authentique dont elle se pr\u00e9sente sur les m\u00e9dias sociaux. Elle a particip\u00e9 \u00e0 une \u00e9mission de t\u00e9l\u00e9r\u00e9alit\u00e9 qu\u00e9b\u00e9coise, ce qui a permis au public de la voir sous un autre jour&nbsp;: \u00ab\u2009Je pense que les gens ont pu d\u00e9couvrir une facette de ma personnalit\u00e9 qui \u00e9tait plus vuln\u00e9rable. J\u2019ai un personnage, je joue la diva, mais c\u2019est un personnage. La vraie Varda, c\u2019est la m\u00e8re de famille. J\u2019ai re\u00e7u beaucoup de messages, et les gens me disaient que je leur faisais penser \u00e0 eux-m\u00eames. Je suis tr\u00e8s accessible et je r\u00e9ponds aux gens qui m\u2019\u00e9crivent, je le fais personnellement. Dans un m\u00e9tier comme le mien, mon patron, c\u2019est le peuple! Alors s\u2019ils prennent le temps de m\u2019\u00e9crire, je prends le temps de r\u00e9pondre, tout le temps.\u2009\u00bb<\/p>\n\n\n\n<h2 class=\"wp-block-heading\">S\u2019entourer d\u2019une \u00e9quipe solide<\/h2>\n\n\n\n<p>Pour quelqu\u2019un avec une carri\u00e8re comme celle d\u2019\u00c9tienne, tout faire seule est impossible. C\u2019est pourquoi elle s\u2019est construit une \u00e9quipe solide qui la soutient dans plusieurs les aspects de sa vie, et envers qui elle ressent une immense gratitude qui transpara\u00eet dans la fa\u00e7on dont elle parle d\u2019eux. Sur le plan professionnel, elle a deux agents qui l\u2019aident \u00e0 g\u00e9rer ses comptes de m\u00e9dias sociaux et sa carri\u00e8re en g\u00e9n\u00e9ral respectivement. Pour g\u00e9rer ses finances, elle travaille avec une soci\u00e9t\u00e9 priv\u00e9e qui s\u2019occupe de tout, du paiement des factures et des d\u00e9penses \u00e0 la gestion de ses revenus&nbsp;: \u00ab\u2009Tous les mardis, je m\u2019assois avec eux pour faire le bilan. De cette fa\u00e7on, je sais tr\u00e8s bien o\u00f9 je m\u2019en vais. C\u2019est un travail d\u2019\u00e9quipe et la cl\u00e9, c\u2019est d\u2019\u00eatre bien entour\u00e9e. Je sais exactement combien j\u2019ai d\u2019argent \u00e0 d\u00e9penser, et je n\u2019ai aucun casse-t\u00eate \u00e0 ce niveau-l\u00e0.\u2009\u00bb<\/p>\n\n\n\n<p>\u00catre en contr\u00f4le de son budget et savoir o\u00f9 elle s\u2019en va d\u2019un point de vue financier est tr\u00e8s important pour \u00c9tienne, car il s\u2019agit de son ind\u00e9pendance : elle travaille fort et en est fi\u00e8re. Interac occupe \u00e9galement une place particuli\u00e8re dans son c\u0153ur pour de <a href=\"https:\/\/www.interac.ca\/fr\/contenu\/entreprises\/comment-mettre-a-profit-virement-interac-pour-les-entreprises\/\">nombreuses raisons<\/a>, dont la facilit\u00e9 d\u2019utilisation et la fa\u00e7on dont le service Virement <em>Interac<\/em> laisse des traces de ses op\u00e9rations dans ses relev\u00e9s.<\/p>\n\n\n\n<p><strong>&nbsp;<\/strong>\u00ab\u2009Il y a certains clients qui vont me payer par Virement <em>Interac<\/em>, et j\u2019utilise aussi ce service dans ma vie de tous les jours. Par exemple, mon jardinier et l\u2019homme qui s\u2019occupe de ma piscine, je peux tous les payer par Virement <em>Interac<\/em> maintenant.&nbsp;\u00bb<\/p>\n\n\n\n<figure class=\"wp-block-pullquote\"><blockquote><p> En plus, je garde des traces : pas besoin d\u2019aller fouiller dans des ch\u00e8ques que j\u2019ai \u00e9crits il y a plusieurs ann\u00e9es, \u00e7a appara\u00eet directement sur mon relev\u00e9. <\/p><\/blockquote><\/figure>\n\n\n\n<h2 class=\"wp-block-heading\">Son mantra&nbsp;: la pers\u00e9v\u00e9rance<\/h2>\n\n\n\n<div class=\"wp-block-image\"><figure class=\"alignright size-full is-resized\"><img decoding=\"async\" data-src=\"https:\/\/www.interac.ca\/wp-content\/smush-webp\/2022\/06\/INT_Always-On-Marketing_CreatorLife-FR_Brand-Question.png.webp\" alt=\"\" class=\"wp-image-94222 lazyload\" width=\"366\" height=\"371\" data-srcset=\"https:\/\/www.interac.ca\/wp-content\/smush-webp\/2022\/06\/INT_Always-On-Marketing_CreatorLife-FR_Brand-Question.png.webp 1221w, https:\/\/www.interac.ca\/wp-content\/smush-webp\/2022\/06\/INT_Always-On-Marketing_CreatorLife-FR_Brand-Question-296x300.png.webp 296w, https:\/\/www.interac.ca\/wp-content\/smush-webp\/2022\/06\/INT_Always-On-Marketing_CreatorLife-FR_Brand-Question-1010x1024.png.webp 1010w, https:\/\/www.interac.ca\/wp-content\/smush-webp\/2022\/06\/INT_Always-On-Marketing_CreatorLife-FR_Brand-Question-768x779.png.webp 768w\" data-sizes=\"auto\" src=\"data:image\/svg+xml;base64,PHN2ZyB3aWR0aD0iMSIgaGVpZ2h0PSIxIiB4bWxucz0iaHR0cDovL3d3dy53My5vcmcvMjAwMC9zdmciPjwvc3ZnPg==\" style=\"--smush-placeholder-width: 366px; --smush-placeholder-aspect-ratio: 366\/371;\" data-original-sizes=\"(max-width: 366px) 100vw, 366px\" \/><\/figure><\/div>\n\n\n\n<p>\u00c9tienne est tr\u00e8s occup\u00e9e, c\u2019est vrai, mais ce n\u2019est pas par hasard\u00a0: elle a pers\u00e9v\u00e9r\u00e9 pour atteindre le succ\u00e8s qu\u2019elle conna\u00eet en ce moment. Son conseil pour quiconque souhaite se lancer en tant qu\u2019artiste ou cr\u00e9ateur en tout genre n\u2019est donc pas surprenant\u00a0: elle pr\u00f4ne la pers\u00e9v\u00e9rance. \u00ab\u2009Vous allez recevoir des millions de \u00ab non \u00bb, mais \u00e7a ne prend qu\u2019un seul \u00ab oui \u00bb. Il ne faut jamais baisser les bras. Parfois c\u2019est toi qui tires le billet de loto. Il n\u2019y a pas une fois que lorsque je passais une audition, que ce soit pour une pub, un r\u00f4le \u00e0 la t\u00e9l\u00e9, en tant qu\u2019animatrice, que je me suis dit que peut-\u00eatre je ne l\u2019aurais pas. Je rentre en me disant que je sors avec le contrat. Je fais \u00e7a tout le temps parce qu\u2019il faut avoir confiance en soi.\u2009\u00bb<\/p>\n\n\n\n<p>Varda reconna\u00eet qu\u2019elle profite de la vie au maximum en ce moment, et elle est reconnaissante et fi\u00e8re d\u2019avoir pu accomplir autant de choses. Elle aura bient\u00f4t 50&nbsp;ans, ce qui la pousse \u00e0 r\u00e9fl\u00e9chir \u00e0 ses r\u00e9alisations pass\u00e9es et au travail qu\u2019elle a d\u00fb faire pour y parvenir&nbsp;: \u00ab\u2009Je n\u2019ai jamais \u00e9t\u00e9 aussi confiante de ma vie \u00e0 bient\u00f4t 50&nbsp;ans. Admettons qu\u2019au pire, je vis jusqu\u2019\u00e0 75&nbsp;ans, \u00e7a veut dire que j\u2019ai v\u00e9cu le deux tiers de ma vie, on s\u2019entend? Il me reste un tiers. Est-ce que je peux te dire que le tiers qu\u2019il me reste, chaque jour c\u2019est la f\u00eate. Je suis dans la plus belle p\u00e9riode de ma vie. Je suis en sant\u00e9, physiquement et mentalement, j\u2019ai trois enfants que j\u2019adore, je suis en paix avec moi-m\u00eame. La vie est belle! J\u2019ai travaill\u00e9 fort pour en arriver l\u00e0 et \u00e7a n\u2019a pas toujours \u00e9t\u00e9 le cas, mais en ce moment la vie est belle.\u2009\u00bb<\/p>\n\n\n\n<p>C\u2019est \u00e7a, vivre pleinement sa vie, et Varda le sait&nbsp;: pr\u00e9voir et pr\u00e9parer l\u2019avenir, sans aucun doute, mais ne pas oublier de profiter de chaque jour qui passe.<\/p>\n\n\n\n<figure class=\"wp-block-embed is-type-video is-provider-youtube wp-block-embed-youtube wp-embed-aspect-16-9 wp-has-aspect-ratio\"><div class=\"wp-block-embed__wrapper\">\n<iframe title=\"La vie d\u2019artiste de Varda\" width=\"500\" height=\"281\" src=\"https:\/\/www.youtube.com\/embed\/1Bek-Kv8QtM?feature=oembed\" frameborder=\"0\" allow=\"accelerometer; autoplay; clipboard-write; encrypted-media; gyroscope; picture-in-picture; web-share\" referrerpolicy=\"strict-origin-when-cross-origin\" allowfullscreen><\/iframe>\n<\/div><\/figure>\n\n\n\n<figure class=\"wp-block-image size-full\"><img decoding=\"async\" width=\"1167\" height=\"448\" data-src=\"https:\/\/www.interac.ca\/wp-content\/smush-webp\/2022\/06\/INT_Always-On-Marketing_CreatorLife-FR_Brand-Message.png.webp\" alt=\"\" class=\"wp-image-94220 lazyload\" data-srcset=\"https:\/\/www.interac.ca\/wp-content\/smush-webp\/2022\/06\/INT_Always-On-Marketing_CreatorLife-FR_Brand-Message.png.webp 1167w, https:\/\/www.interac.ca\/wp-content\/smush-webp\/2022\/06\/INT_Always-On-Marketing_CreatorLife-FR_Brand-Message-300x115.png.webp 300w, https:\/\/www.interac.ca\/wp-content\/smush-webp\/2022\/06\/INT_Always-On-Marketing_CreatorLife-FR_Brand-Message-1024x393.png.webp 1024w, https:\/\/www.interac.ca\/wp-content\/smush-webp\/2022\/06\/INT_Always-On-Marketing_CreatorLife-FR_Brand-Message-768x295.png.webp 768w\" data-sizes=\"auto\" src=\"data:image\/svg+xml;base64,PHN2ZyB3aWR0aD0iMSIgaGVpZ2h0PSIxIiB4bWxucz0iaHR0cDovL3d3dy53My5vcmcvMjAwMC9zdmciPjwvc3ZnPg==\" style=\"--smush-placeholder-width: 1167px; --smush-placeholder-aspect-ratio: 1167\/448;\" data-original-sizes=\"(max-width: 1167px) 100vw, 1167px\" \/><\/figure>\n","protected":false},"excerpt":{"rendered":"<p>Varda \u00c9tienne est une femme aux multiples talents&nbsp;: elle est \u00e0 la fois journaliste, autrice, femme d\u2019affaires, cr\u00e9atrice de contenu et artiste. Elle interview des vedettes depuis 21&nbsp;ans \u00e0 la t\u00e9l\u00e9vision, elle signe quatre livres, et est en train d\u2019en r\u00e9diger deux autres\u2009; elle anime un podcast appel\u00e9 BaVARDAge\u2009; elle a lanc\u00e9 une s\u00e9rie documentaire&hellip;<\/p>\n","protected":false},"author":16,"featured_media":94230,"template":"","format":"standard","meta":{"_acf_changed":false,"footnotes":""},"content-tags":[959,732],"content-category":[198],"spokespeople":[],"in_the_know_post_format":[178],"class_list":["post-94056","content","type-content","status-publish","format-standard","has-post-thumbnail","hentry","content-tags-culture-communaute","content-tags-virement-interac","content-category-vie","in_the_know_post_format-article-fr"],"acf":[],"yoast_head":"<!-- This site is optimized with the Yoast SEO Premium plugin v27.4 (Yoast SEO v27.4) - https:\/\/yoast.com\/product\/yoast-seo-premium-wordpress\/ -->\n<title>Une artiste d\u00e9complex\u00e9e vit la vie au maximum<\/title>\n<meta name=\"description\" content=\"Varda \u00c9tienne est une artiste tr\u00e8s occup\u00e9e, mais sa discipline lui permet de rester en contr\u00f4le de son budget et d\u2019\u00eatre pr\u00e9sente pour ses enfants.\" \/>\n<meta name=\"robots\" content=\"index, follow, max-snippet:-1, max-image-preview:large, max-video-preview:-1\" \/>\n<link rel=\"canonical\" href=\"https:\/\/www.interac.ca\/fr\/contenu\/vie\/varda-etienne-une-artiste-qui-vit-la-vie-au-maximum\/\" \/>\n<meta property=\"og:locale\" content=\"fr_CA\" \/>\n<meta property=\"og:type\" content=\"article\" \/>\n<meta property=\"og:title\" content=\"Varda \u00c9tienne, une artiste disciplin\u00e9e et d\u00e9complex\u00e9e qui vit la vie au maximum\" \/>\n<meta property=\"og:description\" content=\"Varda \u00c9tienne est une femme aux multiples talents&nbsp;: elle est \u00e0 la fois journaliste, autrice, femme d\u2019affaires, cr\u00e9atrice de contenu et artiste. Elle\" \/>\n<meta property=\"og:url\" content=\"https:\/\/www.interac.ca\/fr\/contenu\/vie\/varda-etienne-une-artiste-qui-vit-la-vie-au-maximum\/\" \/>\n<meta property=\"og:site_name\" content=\"Interac\" \/>\n<meta property=\"article:publisher\" content=\"https:\/\/www.facebook.com\/interac\" \/>\n<meta property=\"article:modified_time\" content=\"2025-07-07T20:16:58+00:00\" \/>\n<meta property=\"og:image\" content=\"https:\/\/www.interac.ca\/wp-content\/uploads\/2022\/06\/INT_Always-On-Marketing_CreatorLife-FR_Header.jpg\" \/>\n\t<meta property=\"og:image:width\" content=\"2400\" \/>\n\t<meta property=\"og:image:height\" content=\"1325\" \/>\n\t<meta property=\"og:image:type\" content=\"image\/jpeg\" \/>\n<meta name=\"twitter:card\" content=\"summary_large_image\" \/>\n<meta name=\"twitter:site\" content=\"@interac\" \/>\n<meta name=\"twitter:label1\" content=\"Estimation du temps de lecture\" \/>\n\t<meta name=\"twitter:data1\" content=\"6 minutes\" \/>\n<script type=\"application\/ld+json\" class=\"yoast-schema-graph\">{\"@context\":\"https:\\\/\\\/schema.org\",\"@graph\":[{\"@type\":\"WebPage\",\"@id\":\"https:\\\/\\\/www.interac.ca\\\/fr\\\/contenu\\\/vie\\\/varda-etienne-une-artiste-qui-vit-la-vie-au-maximum\\\/\",\"url\":\"https:\\\/\\\/www.interac.ca\\\/fr\\\/contenu\\\/vie\\\/varda-etienne-une-artiste-qui-vit-la-vie-au-maximum\\\/\",\"name\":\"Une artiste d\u00e9complex\u00e9e vit la vie au maximum\",\"isPartOf\":{\"@id\":\"https:\\\/\\\/www.interac.ca\\\/fr\\\/#website\"},\"primaryImageOfPage\":{\"@id\":\"https:\\\/\\\/www.interac.ca\\\/fr\\\/contenu\\\/vie\\\/varda-etienne-une-artiste-qui-vit-la-vie-au-maximum\\\/#primaryimage\"},\"image\":{\"@id\":\"https:\\\/\\\/www.interac.ca\\\/fr\\\/contenu\\\/vie\\\/varda-etienne-une-artiste-qui-vit-la-vie-au-maximum\\\/#primaryimage\"},\"thumbnailUrl\":\"https:\\\/\\\/www.interac.ca\\\/wp-content\\\/uploads\\\/2022\\\/06\\\/INT_Always-On-Marketing_CreatorLife-FR_Header.jpg\",\"datePublished\":\"2022-06-20T04:00:00+00:00\",\"dateModified\":\"2025-07-07T20:16:58+00:00\",\"description\":\"Varda \u00c9tienne est une artiste tr\u00e8s occup\u00e9e, mais sa discipline lui permet de rester en contr\u00f4le de son budget et d\u2019\u00eatre pr\u00e9sente pour ses enfants.\",\"breadcrumb\":{\"@id\":\"https:\\\/\\\/www.interac.ca\\\/fr\\\/contenu\\\/vie\\\/varda-etienne-une-artiste-qui-vit-la-vie-au-maximum\\\/#breadcrumb\"},\"inLanguage\":\"fr-CA\",\"potentialAction\":[{\"@type\":\"ReadAction\",\"target\":[\"https:\\\/\\\/www.interac.ca\\\/fr\\\/contenu\\\/vie\\\/varda-etienne-une-artiste-qui-vit-la-vie-au-maximum\\\/\"]}]},{\"@type\":\"ImageObject\",\"inLanguage\":\"fr-CA\",\"@id\":\"https:\\\/\\\/www.interac.ca\\\/fr\\\/contenu\\\/vie\\\/varda-etienne-une-artiste-qui-vit-la-vie-au-maximum\\\/#primaryimage\",\"url\":\"https:\\\/\\\/www.interac.ca\\\/wp-content\\\/uploads\\\/2022\\\/06\\\/INT_Always-On-Marketing_CreatorLife-FR_Header.jpg\",\"contentUrl\":\"https:\\\/\\\/www.interac.ca\\\/wp-content\\\/uploads\\\/2022\\\/06\\\/INT_Always-On-Marketing_CreatorLife-FR_Header.jpg\",\"width\":2400,\"height\":1325},{\"@type\":\"BreadcrumbList\",\"@id\":\"https:\\\/\\\/www.interac.ca\\\/fr\\\/contenu\\\/vie\\\/varda-etienne-une-artiste-qui-vit-la-vie-au-maximum\\\/#breadcrumb\",\"itemListElement\":[{\"@type\":\"ListItem\",\"position\":1,\"name\":\"Accueil\",\"item\":\"https:\\\/\\\/www.interac.ca\\\/fr\\\/\"},{\"@type\":\"ListItem\",\"position\":2,\"name\":\"Varda \u00c9tienne, une artiste disciplin\u00e9e et d\u00e9complex\u00e9e qui vit la vie au maximum\"}]},{\"@type\":\"WebSite\",\"@id\":\"https:\\\/\\\/www.interac.ca\\\/fr\\\/#website\",\"url\":\"https:\\\/\\\/www.interac.ca\\\/fr\\\/\",\"name\":\"Interac\",\"description\":\"\",\"publisher\":{\"@id\":\"https:\\\/\\\/www.interac.ca\\\/fr\\\/#organization\"},\"potentialAction\":[{\"@type\":\"SearchAction\",\"target\":{\"@type\":\"EntryPoint\",\"urlTemplate\":\"https:\\\/\\\/www.interac.ca\\\/fr\\\/?s={search_term_string}\"},\"query-input\":{\"@type\":\"PropertyValueSpecification\",\"valueRequired\":true,\"valueName\":\"search_term_string\"}}],\"inLanguage\":\"fr-CA\"},{\"@type\":\"Organization\",\"@id\":\"https:\\\/\\\/www.interac.ca\\\/fr\\\/#organization\",\"name\":\"Interac Corp.\",\"url\":\"https:\\\/\\\/www.interac.ca\\\/fr\\\/\",\"logo\":{\"@type\":\"ImageObject\",\"inLanguage\":\"fr-CA\",\"@id\":\"https:\\\/\\\/www.interac.ca\\\/fr\\\/#\\\/schema\\\/logo\\\/image\\\/\",\"url\":\"https:\\\/\\\/www.interac.ca\\\/wp-content\\\/uploads\\\/2022\\\/03\\\/Interac_Two-Colour_RGB.png\",\"contentUrl\":\"https:\\\/\\\/www.interac.ca\\\/wp-content\\\/uploads\\\/2022\\\/03\\\/Interac_Two-Colour_RGB.png\",\"width\":2210,\"height\":2210,\"caption\":\"Interac Corp.\"},\"image\":{\"@id\":\"https:\\\/\\\/www.interac.ca\\\/fr\\\/#\\\/schema\\\/logo\\\/image\\\/\"},\"sameAs\":[\"https:\\\/\\\/www.facebook.com\\\/interac\",\"https:\\\/\\\/x.com\\\/interac\",\"https:\\\/\\\/www.instagram.com\\\/interac\\\/\",\"https:\\\/\\\/www.linkedin.com\\\/company\\\/interac-corp\\\/\",\"https:\\\/\\\/www.youtube.com\\\/user\\\/InteracBrand\"]}]}<\/script>\n<!-- \/ Yoast SEO Premium plugin. -->","yoast_head_json":{"title":"Une artiste d\u00e9complex\u00e9e vit la vie au maximum","description":"Varda \u00c9tienne est une artiste tr\u00e8s occup\u00e9e, mais sa discipline lui permet de rester en contr\u00f4le de son budget et d\u2019\u00eatre pr\u00e9sente pour ses enfants.","robots":{"index":"index","follow":"follow","max-snippet":"max-snippet:-1","max-image-preview":"max-image-preview:large","max-video-preview":"max-video-preview:-1"},"canonical":"https:\/\/www.interac.ca\/fr\/contenu\/vie\/varda-etienne-une-artiste-qui-vit-la-vie-au-maximum\/","og_locale":"fr_CA","og_type":"article","og_title":"Varda \u00c9tienne, une artiste disciplin\u00e9e et d\u00e9complex\u00e9e qui vit la vie au maximum","og_description":"Varda \u00c9tienne est une femme aux multiples talents&nbsp;: elle est \u00e0 la fois journaliste, autrice, femme d\u2019affaires, cr\u00e9atrice de contenu et artiste. Elle","og_url":"https:\/\/www.interac.ca\/fr\/contenu\/vie\/varda-etienne-une-artiste-qui-vit-la-vie-au-maximum\/","og_site_name":"Interac","article_publisher":"https:\/\/www.facebook.com\/interac","article_modified_time":"2025-07-07T20:16:58+00:00","og_image":[{"width":2400,"height":1325,"url":"https:\/\/www.interac.ca\/wp-content\/uploads\/2022\/06\/INT_Always-On-Marketing_CreatorLife-FR_Header.jpg","type":"image\/jpeg"}],"twitter_card":"summary_large_image","twitter_site":"@interac","twitter_misc":{"Estimation du temps de lecture":"6 minutes"},"schema":{"@context":"https:\/\/schema.org","@graph":[{"@type":"WebPage","@id":"https:\/\/www.interac.ca\/fr\/contenu\/vie\/varda-etienne-une-artiste-qui-vit-la-vie-au-maximum\/","url":"https:\/\/www.interac.ca\/fr\/contenu\/vie\/varda-etienne-une-artiste-qui-vit-la-vie-au-maximum\/","name":"Une artiste d\u00e9complex\u00e9e vit la vie au maximum","isPartOf":{"@id":"https:\/\/www.interac.ca\/fr\/#website"},"primaryImageOfPage":{"@id":"https:\/\/www.interac.ca\/fr\/contenu\/vie\/varda-etienne-une-artiste-qui-vit-la-vie-au-maximum\/#primaryimage"},"image":{"@id":"https:\/\/www.interac.ca\/fr\/contenu\/vie\/varda-etienne-une-artiste-qui-vit-la-vie-au-maximum\/#primaryimage"},"thumbnailUrl":"https:\/\/www.interac.ca\/wp-content\/uploads\/2022\/06\/INT_Always-On-Marketing_CreatorLife-FR_Header.jpg","datePublished":"2022-06-20T04:00:00+00:00","dateModified":"2025-07-07T20:16:58+00:00","description":"Varda \u00c9tienne est une artiste tr\u00e8s occup\u00e9e, mais sa discipline lui permet de rester en contr\u00f4le de son budget et d\u2019\u00eatre pr\u00e9sente pour ses enfants.","breadcrumb":{"@id":"https:\/\/www.interac.ca\/fr\/contenu\/vie\/varda-etienne-une-artiste-qui-vit-la-vie-au-maximum\/#breadcrumb"},"inLanguage":"fr-CA","potentialAction":[{"@type":"ReadAction","target":["https:\/\/www.interac.ca\/fr\/contenu\/vie\/varda-etienne-une-artiste-qui-vit-la-vie-au-maximum\/"]}]},{"@type":"ImageObject","inLanguage":"fr-CA","@id":"https:\/\/www.interac.ca\/fr\/contenu\/vie\/varda-etienne-une-artiste-qui-vit-la-vie-au-maximum\/#primaryimage","url":"https:\/\/www.interac.ca\/wp-content\/uploads\/2022\/06\/INT_Always-On-Marketing_CreatorLife-FR_Header.jpg","contentUrl":"https:\/\/www.interac.ca\/wp-content\/uploads\/2022\/06\/INT_Always-On-Marketing_CreatorLife-FR_Header.jpg","width":2400,"height":1325},{"@type":"BreadcrumbList","@id":"https:\/\/www.interac.ca\/fr\/contenu\/vie\/varda-etienne-une-artiste-qui-vit-la-vie-au-maximum\/#breadcrumb","itemListElement":[{"@type":"ListItem","position":1,"name":"Accueil","item":"https:\/\/www.interac.ca\/fr\/"},{"@type":"ListItem","position":2,"name":"Varda \u00c9tienne, une artiste disciplin\u00e9e et d\u00e9complex\u00e9e qui vit la vie au maximum"}]},{"@type":"WebSite","@id":"https:\/\/www.interac.ca\/fr\/#website","url":"https:\/\/www.interac.ca\/fr\/","name":"Interac","description":"","publisher":{"@id":"https:\/\/www.interac.ca\/fr\/#organization"},"potentialAction":[{"@type":"SearchAction","target":{"@type":"EntryPoint","urlTemplate":"https:\/\/www.interac.ca\/fr\/?s={search_term_string}"},"query-input":{"@type":"PropertyValueSpecification","valueRequired":true,"valueName":"search_term_string"}}],"inLanguage":"fr-CA"},{"@type":"Organization","@id":"https:\/\/www.interac.ca\/fr\/#organization","name":"Interac Corp.","url":"https:\/\/www.interac.ca\/fr\/","logo":{"@type":"ImageObject","inLanguage":"fr-CA","@id":"https:\/\/www.interac.ca\/fr\/#\/schema\/logo\/image\/","url":"https:\/\/www.interac.ca\/wp-content\/uploads\/2022\/03\/Interac_Two-Colour_RGB.png","contentUrl":"https:\/\/www.interac.ca\/wp-content\/uploads\/2022\/03\/Interac_Two-Colour_RGB.png","width":2210,"height":2210,"caption":"Interac Corp."},"image":{"@id":"https:\/\/www.interac.ca\/fr\/#\/schema\/logo\/image\/"},"sameAs":["https:\/\/www.facebook.com\/interac","https:\/\/x.com\/interac","https:\/\/www.instagram.com\/interac\/","https:\/\/www.linkedin.com\/company\/interac-corp\/","https:\/\/www.youtube.com\/user\/InteracBrand"]}]}},"_links":{"self":[{"href":"https:\/\/www.interac.ca\/fr\/wp-json\/wp\/v2\/content\/94056","targetHints":{"allow":["GET"]}}],"collection":[{"href":"https:\/\/www.interac.ca\/fr\/wp-json\/wp\/v2\/content"}],"about":[{"href":"https:\/\/www.interac.ca\/fr\/wp-json\/wp\/v2\/types\/content"}],"author":[{"embeddable":true,"href":"https:\/\/www.interac.ca\/fr\/wp-json\/wp\/v2\/users\/16"}],"version-history":[{"count":0,"href":"https:\/\/www.interac.ca\/fr\/wp-json\/wp\/v2\/content\/94056\/revisions"}],"wp:featuredmedia":[{"embeddable":true,"href":"https:\/\/www.interac.ca\/fr\/wp-json\/wp\/v2\/media\/94230"}],"wp:attachment":[{"href":"https:\/\/www.interac.ca\/fr\/wp-json\/wp\/v2\/media?parent=94056"}],"wp:term":[{"taxonomy":"content-tags","embeddable":true,"href":"https:\/\/www.interac.ca\/fr\/wp-json\/wp\/v2\/content-tags?post=94056"},{"taxonomy":"content-category","embeddable":true,"href":"https:\/\/www.interac.ca\/fr\/wp-json\/wp\/v2\/content-category?post=94056"},{"taxonomy":"spokespeople","embeddable":true,"href":"https:\/\/www.interac.ca\/fr\/wp-json\/wp\/v2\/spokespeople?post=94056"},{"taxonomy":"in_the_know_post_format","embeddable":true,"href":"https:\/\/www.interac.ca\/fr\/wp-json\/wp\/v2\/in_the_know_post_format?post=94056"}],"curies":[{"name":"wp","href":"https:\/\/api.w.org\/{rel}","templated":true}]}}