{"id":84715,"date":"2021-10-04T15:06:13","date_gmt":"2021-10-04T15:06:13","guid":{"rendered":"https:\/\/interac1.wpengine.com\/?post_type=content&#038;p=84715"},"modified":"2025-07-07T14:26:48","modified_gmt":"2025-07-07T18:26:48","slug":"de-passe-temps-a-succes-commercial-lhistoire-touchante-dau-naturel","status":"publish","type":"content","link":"https:\/\/www.interac.ca\/fr\/contenu\/entreprises\/de-passe-temps-a-succes-commercial-lhistoire-touchante-dau-naturel\/","title":{"rendered":"De passe-temps \u00e0 succ\u00e8s commercial : l\u2019histoire touchante d\u2019Au Naturel"},"content":{"rendered":"\n<figure class=\"wp-block-embed is-type-video is-provider-youtube wp-block-embed-youtube wp-embed-aspect-16-9 wp-has-aspect-ratio\"><div class=\"wp-block-embed__wrapper\">\n<iframe title=\"La vie d\u2019entreprise de Lianne\" width=\"500\" height=\"281\" src=\"https:\/\/www.youtube.com\/embed\/xjLQiJsUvCk?feature=oembed\" frameborder=\"0\" allow=\"accelerometer; autoplay; clipboard-write; encrypted-media; gyroscope; picture-in-picture; web-share\" referrerpolicy=\"strict-origin-when-cross-origin\" allowfullscreen><\/iframe>\n<\/div><\/figure>\n\n\n\n<p>Pour nombre de petites et moyennes entreprises, la naissance de l\u2019id\u00e9e entrepreneuriale se fait \u00e0 la maison&nbsp;: les premiers produits prototypes, la conception de l\u2019image de marque et de ses premiers outils de communication. D\u2019ensuite voir son entreprise grandir au-del\u00e0 des confins de sa vie personnelle est exaltant. C\u2019est un r\u00eave devenu r\u00e9alit\u00e9 pour la fondatrice d\u2019<a href=\"https:\/\/aunaturelsoycandles.ca\/fr\/\">Au Naturel<\/a>, Lianne Guimont, qui est pass\u00e9e de sa petite cuisine, \u00e0 son garage, jusqu\u2019\u00e0 maintenant deux espaces commerciaux, avec plus de 250&nbsp;points de vente au Canada.<\/p>\n\n\n\n<p>Au Naturel offre des chandelles et des produits pour le bain et la peau qui sont naturels et abordables. Leur produit phare, leur chandelle de soya, est faite \u00e0 la main \u00e0 partir de cire de soya sans OGM. Les fragrances, quant \u00e0 elles, sont \u00e9labor\u00e9es \u00e0 partir d\u2019huiles essentielles sans phtalate, et aucun additif ni colorant ne sont ajout\u00e9s aux chandelles&nbsp;: Au Naturel est en fait la seule compagnie canadienne \u00e0 offrir des chandelles faites \u00e0 100&nbsp;% de cire de soya.<\/p>\n\n\n\n<h2 class=\"wp-block-heading\"><strong> Les d\u00e9buts d\u2019Au Naturel<\/strong><\/h2>\n\n\n\n<p>L\u2019histoire de la fondation d\u2019Au Naturel est touchante&nbsp;: la fabrication de chandelles, qui \u00e9tait tout d\u2019abord une activit\u00e9 th\u00e9rapeutique pour Lianne, est devenue une entreprise \u00e0 succ\u00e8s. L\u2019entrepreneure raconte son histoire candidement, sans complexes. Il n\u2019y a rien d\u2019embarrassant, dit-elle, car des probl\u00e8mes de maladie mentale peuvent arriver \u00e0 n\u2019importe qui.<\/p>\n\n\n\n<p>\u00ab\u2009Apr\u00e8s la naissance de mon deuxi\u00e8me fils, j\u2019ai v\u00e9cu la pire d\u00e9pression post-partum, et de l\u2019anxi\u00e9t\u00e9. C\u2019\u00e9tait le pire moment de ma vie. Je me sens tellement mieux aujourd\u2019hui. Mais ma th\u00e9rapeute (\u2026) m\u2019a dit de me trouver un passe-temps. Alors j\u2019ai commenc\u00e9 \u00e0 faire des chandelles de soya dans ma cuisine. Elles \u00e9taient partout. Mon mari me disait, \u201cHey, tu dois vraiment faire quelque chose avec ces chandelles, elles s\u2019accumulent.\u201d \u00c0 ce moment-l\u00e0, j\u2019\u00e9tais capable de quitter la maison, je n\u2019avais plus peur. Et je suis all\u00e9e dans un march\u00e9 fermier local, j\u2019ai vendu toute ma table, et j\u2019ai continu\u00e9 d\u2019y aller\u2009; avec le bouche-\u00e0-oreille, des magasins ont commenc\u00e9 \u00e0 faire des commandes et on a commenc\u00e9 \u00e0 grandir \u00e9norm\u00e9ment.\u2009\u00bb<\/p>\n\n\n\n<h2 class=\"wp-block-heading\"><strong> L\u2019impact de l\u2019\u00e9mission <em>Dans l\u2019\u0153il du Dragon<\/em><\/strong><\/h2>\n\n\n\n<p>La pand\u00e9mie avait d\u00e9j\u00e0 commenc\u00e9 \u00e0 affecter Au Naturel depuis le mois de f\u00e9vrier 2020, et Lianne pensait devoir se trouver un autre emploi pour continuer \u00e0 supporter sa famille&nbsp;: elle avoue avoir m\u00eame pens\u00e9 \u00e0 aller dans le Grand Nord en tant qu\u2019infirmi\u00e8re pour arriver \u00e0 joindre les deux bouts. C\u2019est le passage d\u2019Au Naturel \u00e0 l\u2019\u00e9mission <em>Dans l\u2019\u0153il du Dragon<\/em>, une t\u00e9l\u00e9r\u00e9alit\u00e9 produite par Radio-Canada dans laquelle des entrepreneurs viennent pr\u00e9senter leurs produits \u00e0 des investisseurs multimillionnaires, qui a chang\u00e9 la donne et sauv\u00e9 l\u2019entreprise.<\/p>\n\n\n\n<p>\u00ab\u2009L\u2019\u00e9mission \u00e9tait le 22&nbsp;avril 2020, la journ\u00e9e de la Terre. Ma m\u00e8re et moi venions de revenir d\u2019expositions commerciales en f\u00e9vrier. Et \u00e0 la fin de f\u00e9vrier, et en mars, tout le monde annulait leurs commandes \u00e0 cause de la COVID, et je me demandais, qu\u2019est-ce qui se passe? Je dois encore payer mon loyer. Ensuite, l\u2019\u00e9mission a \u00e9t\u00e9 diffus\u00e9e. En 48&nbsp;heures, on a amass\u00e9 le triple de ce dont nous avions besoin. Notre vie s\u2019est transform\u00e9e du jour au lendemain.\u2009\u00bb<\/p>\n\n\n\n<h2 class=\"wp-block-heading\"><strong> L\u2019importance d\u2019<em>Interac<\/em> pour une petite entreprise<\/strong><\/h2>\n\n\n\n<figure class=\"wp-block-image size-large\"><img decoding=\"async\" width=\"1024\" height=\"980\" data-src=\"https:\/\/www.interac.ca\/wp-content\/smush-webp\/2021\/10\/INT_BusinessLife_Quote-1-FR-1024x980.png.webp\" alt=\"\" class=\"wp-image-84716 lazyload\" data-srcset=\"https:\/\/www.interac.ca\/wp-content\/smush-webp\/2021\/10\/INT_BusinessLife_Quote-1-FR-1024x980.png.webp 1024w, https:\/\/www.interac.ca\/wp-content\/smush-webp\/2021\/10\/INT_BusinessLife_Quote-1-FR-300x287.png.webp 300w, https:\/\/www.interac.ca\/wp-content\/smush-webp\/2021\/10\/INT_BusinessLife_Quote-1-FR-768x735.png.webp 768w, https:\/\/www.interac.ca\/wp-content\/smush-webp\/2021\/10\/INT_BusinessLife_Quote-1-FR.png.webp 1166w\" data-sizes=\"auto\" src=\"data:image\/svg+xml;base64,PHN2ZyB3aWR0aD0iMSIgaGVpZ2h0PSIxIiB4bWxucz0iaHR0cDovL3d3dy53My5vcmcvMjAwMC9zdmciPjwvc3ZnPg==\" style=\"--smush-placeholder-width: 1024px; --smush-placeholder-aspect-ratio: 1024\/980;\" data-original-sizes=\"(max-width: 1024px) 100vw, 1024px\" \/><\/figure>\n\n\n\n<p>Lianne conna\u00eet l\u2019importance d\u2019<em>Interac<\/em>, autant pour son entreprise que pour sa client\u00e8le. Cette derni\u00e8re est bien entendu soucieuse de sa sant\u00e9 et souhaite limiter les contacts durant la pand\u00e9mie. Avec le D\u00e9bit <em>Interac<\/em> sans contact c\u2019est facile de les accommoder&nbsp;: \u00ab\u2009On l\u2019utilise tous les jours dans notre commerce, car plusieurs clients pr\u00e9f\u00e8rent les paiements sans contact maintenant. Je pr\u00e9f\u00e8re aussi utiliser ma carte de D\u00e9bit <em>Interac<\/em> plut\u00f4t que des cartes de cr\u00e9dit, car c\u2019est plus facile de voir combien d\u2019argent il te reste et de mieux g\u00e9rer ton argent. (\u2026) Avec <em>Interac<\/em>, tu peux voir ton solde \u00e0 la fin de la journ\u00e9e&nbsp;: \u00e7a m\u2019aide vraiment \u00e0 planifier les besoins et les liquidit\u00e9s de l\u2019entreprise, ce qui est vraiment difficile lorsque tu as une petite entreprise.\u2009\u00bb<\/p>\n\n\n\n<p>Les Virements <em>Interac<\/em> lui ont \u00e9t\u00e9 particuli\u00e8rement utiles lorsqu\u2019un fournisseur avait besoin d\u2019\u00eatre pay\u00e9 rapidement pour lib\u00e9rer les mat\u00e9riaux n\u00e9cessaires \u00e0 la production&nbsp;: \u00ab\u2009L\u2019argent leur parvient plus rapidement si on utilise le Virement <em>Interac<\/em>. On avait vraiment besoin qu\u2019une livraison de soya soit envoy\u00e9e une fois, mais puisque c\u2019est aux \u00c9tats-Unis, ils attendent de recevoir le paiement avant de lib\u00e9rer la livraison\u2009; le Virement <em>Interac<\/em> nous a vraiment aid\u00e9s \u00e0 acc\u00e9l\u00e9rer le processus.\u2009\u00bb <\/p>\n\n\n\n<h2 class=\"wp-block-heading\"><strong>La suite pour Au Naturel<\/strong><\/h2>\n\n\n\n<p>Lianne est tr\u00e8s fi\u00e8re du travail accompli avec sa marque Au Naturel\u2009; apr\u00e8s plusieurs d\u00e9m\u00e9nagements, la marque est install\u00e9e dans de grands locaux commerciaux qui leur permettent de produire des chandelles en grandes quantit\u00e9s, toujours \u00e0 la main. Au Naturel emploie de nombreuses personnes, dont plusieurs \u00e9tudiants et des membres de la famille de Lianne. Celle-ci est passionn\u00e9e et continue d\u2019avoir de nouvelles id\u00e9es de produits. Elle avoue avoir souvent ses id\u00e9es la nuit, lorsqu\u2019elle dort. Au long terme pour Au Naturel, elle esp\u00e8re surtout atteindre une p\u00e9rennit\u00e9&nbsp;: \u00ab\u2009Il s\u2019agit de huit ans de travail. Et j\u2019ai enfin l\u2019impression que nous y arrivons, en quelque sorte. (Au) long terme, je veux vraiment continuer Au Naturel, peut-\u00eatre me d\u00e9velopper en dehors du Canada. Et juste faire \u00e7a longtemps, peut-\u00eatre m\u00eame le transmettre \u00e0 un de mes enfants un jour? Je ne sais pas, je suis juste tr\u00e8s fi\u00e8re. Je n\u2019arrive pas \u00e0 croire tout ce que nous avons fait pour arriver jusqu\u2019ici.\u2009\u00bb<\/p>\n\n\n\n<figure class=\"wp-block-image size-large\"><img decoding=\"async\" width=\"1024\" height=\"980\" data-src=\"https:\/\/www.interac.ca\/wp-content\/smush-webp\/2021\/10\/INT_BusinessLife_Quote-2-FR-1024x980.png.webp\" alt=\"\" class=\"wp-image-84718 lazyload\" data-srcset=\"https:\/\/www.interac.ca\/wp-content\/smush-webp\/2021\/10\/INT_BusinessLife_Quote-2-FR-1024x980.png.webp 1024w, https:\/\/www.interac.ca\/wp-content\/smush-webp\/2021\/10\/INT_BusinessLife_Quote-2-FR-300x287.png.webp 300w, https:\/\/www.interac.ca\/wp-content\/smush-webp\/2021\/10\/INT_BusinessLife_Quote-2-FR-768x735.png.webp 768w, https:\/\/www.interac.ca\/wp-content\/smush-webp\/2021\/10\/INT_BusinessLife_Quote-2-FR.png.webp 1166w\" data-sizes=\"auto\" src=\"data:image\/svg+xml;base64,PHN2ZyB3aWR0aD0iMSIgaGVpZ2h0PSIxIiB4bWxucz0iaHR0cDovL3d3dy53My5vcmcvMjAwMC9zdmciPjwvc3ZnPg==\" style=\"--smush-placeholder-width: 1024px; --smush-placeholder-aspect-ratio: 1024\/980;\" data-original-sizes=\"(max-width: 1024px) 100vw, 1024px\" \/><\/figure>\n\n\n\n<p> Le travail acharn\u00e9 et la passion de Lianne portent aujourd\u2019hui des fruits, mais le chemin pour s\u2019y rendre \u00e9tait long et ardu. \u00c0 tous les entrepreneurs en devenir, elle aimerait dire qu\u2019il faut \u00eatre patient&nbsp;: la vie lance toutes sortes de d\u00e9fis, et il faut pers\u00e9v\u00e9rer parfois longtemps avant de voir les r\u00e9sultats de ses efforts. Finalement, elle n\u2019a qu\u2019un message pour tous&nbsp;: n\u2019attendez pas! La vie est courte, et chaque jour est une nouvelle opportunit\u00e9.<\/p>\n","protected":false},"excerpt":{"rendered":"<p>Pour nombre de petites et moyennes entreprises, la naissance de l\u2019id\u00e9e entrepreneuriale se fait \u00e0 la maison&nbsp;: les premiers produits prototypes, la conception de l\u2019image de marque et de ses premiers outils de communication. D\u2019ensuite voir son entreprise grandir au-del\u00e0 des confins de sa vie personnelle est exaltant. C\u2019est un r\u00eave devenu r\u00e9alit\u00e9 pour la&hellip;<\/p>\n","protected":false},"author":28,"featured_media":84721,"template":"","format":"standard","meta":{"_acf_changed":false,"footnotes":""},"content-tags":[731,742,732],"content-category":[195],"spokespeople":[],"in_the_know_post_format":[178],"class_list":["post-84715","content","type-content","status-publish","format-standard","has-post-thumbnail","hentry","content-tags-debit-interac","content-tags-petite-entreprise","content-tags-virement-interac","content-category-entreprises","in_the_know_post_format-article-fr"],"acf":[],"yoast_head":"<!-- This site is optimized with the Yoast SEO Premium plugin v27.4 (Yoast SEO v27.4) - https:\/\/yoast.com\/product\/yoast-seo-premium-wordpress\/ -->\n<title>De passe-temps \u00e0 succ\u00e8s commercial : l\u2019histoire touchante d\u2019Au Naturel - Interac<\/title>\n<meta name=\"robots\" content=\"index, follow, max-snippet:-1, max-image-preview:large, max-video-preview:-1\" \/>\n<link rel=\"canonical\" href=\"https:\/\/www.interac.ca\/fr\/contenu\/entreprises\/de-passe-temps-a-succes-commercial-lhistoire-touchante-dau-naturel\/\" \/>\n<meta property=\"og:locale\" content=\"fr_CA\" \/>\n<meta property=\"og:type\" content=\"article\" \/>\n<meta property=\"og:title\" content=\"De passe-temps \u00e0 succ\u00e8s commercial : l\u2019histoire touchante d\u2019Au Naturel\" \/>\n<meta property=\"og:description\" content=\"https:\/\/youtu.be\/xjLQiJsUvCk Pour nombre de petites et moyennes entreprises, la naissance de l\u2019id\u00e9e entrepreneuriale se fait \u00e0 la maison&nbsp;: les\" \/>\n<meta property=\"og:url\" content=\"https:\/\/www.interac.ca\/fr\/contenu\/entreprises\/de-passe-temps-a-succes-commercial-lhistoire-touchante-dau-naturel\/\" \/>\n<meta property=\"og:site_name\" content=\"Interac\" \/>\n<meta property=\"article:publisher\" content=\"https:\/\/www.facebook.com\/interac\" \/>\n<meta property=\"article:modified_time\" content=\"2025-07-07T18:26:48+00:00\" \/>\n<meta property=\"og:image\" content=\"https:\/\/www.interac.ca\/wp-content\/uploads\/2021\/10\/INT_BusinessLife_Header-FR-1024x566.png\" \/>\n\t<meta property=\"og:image:width\" content=\"1024\" \/>\n\t<meta property=\"og:image:height\" content=\"566\" \/>\n\t<meta property=\"og:image:type\" content=\"image\/png\" \/>\n<meta name=\"twitter:card\" content=\"summary_large_image\" \/>\n<meta name=\"twitter:site\" content=\"@interac\" \/>\n<meta name=\"twitter:label1\" content=\"Estimation du temps de lecture\" \/>\n\t<meta name=\"twitter:data1\" content=\"5 minutes\" \/>\n<script type=\"application\/ld+json\" class=\"yoast-schema-graph\">{\"@context\":\"https:\\\/\\\/schema.org\",\"@graph\":[{\"@type\":\"WebPage\",\"@id\":\"https:\\\/\\\/www.interac.ca\\\/fr\\\/contenu\\\/entreprises\\\/de-passe-temps-a-succes-commercial-lhistoire-touchante-dau-naturel\\\/\",\"url\":\"https:\\\/\\\/www.interac.ca\\\/fr\\\/contenu\\\/entreprises\\\/de-passe-temps-a-succes-commercial-lhistoire-touchante-dau-naturel\\\/\",\"name\":\"De passe-temps \u00e0 succ\u00e8s commercial : l\u2019histoire touchante d\u2019Au Naturel - Interac\",\"isPartOf\":{\"@id\":\"https:\\\/\\\/www.interac.ca\\\/fr\\\/#website\"},\"primaryImageOfPage\":{\"@id\":\"https:\\\/\\\/www.interac.ca\\\/fr\\\/contenu\\\/entreprises\\\/de-passe-temps-a-succes-commercial-lhistoire-touchante-dau-naturel\\\/#primaryimage\"},\"image\":{\"@id\":\"https:\\\/\\\/www.interac.ca\\\/fr\\\/contenu\\\/entreprises\\\/de-passe-temps-a-succes-commercial-lhistoire-touchante-dau-naturel\\\/#primaryimage\"},\"thumbnailUrl\":\"https:\\\/\\\/www.interac.ca\\\/wp-content\\\/uploads\\\/2021\\\/10\\\/INT_BusinessLife_Header-FR.png\",\"datePublished\":\"2021-10-04T15:06:13+00:00\",\"dateModified\":\"2025-07-07T18:26:48+00:00\",\"breadcrumb\":{\"@id\":\"https:\\\/\\\/www.interac.ca\\\/fr\\\/contenu\\\/entreprises\\\/de-passe-temps-a-succes-commercial-lhistoire-touchante-dau-naturel\\\/#breadcrumb\"},\"inLanguage\":\"fr-CA\",\"potentialAction\":[{\"@type\":\"ReadAction\",\"target\":[\"https:\\\/\\\/www.interac.ca\\\/fr\\\/contenu\\\/entreprises\\\/de-passe-temps-a-succes-commercial-lhistoire-touchante-dau-naturel\\\/\"]}]},{\"@type\":\"ImageObject\",\"inLanguage\":\"fr-CA\",\"@id\":\"https:\\\/\\\/www.interac.ca\\\/fr\\\/contenu\\\/entreprises\\\/de-passe-temps-a-succes-commercial-lhistoire-touchante-dau-naturel\\\/#primaryimage\",\"url\":\"https:\\\/\\\/www.interac.ca\\\/wp-content\\\/uploads\\\/2021\\\/10\\\/INT_BusinessLife_Header-FR.png\",\"contentUrl\":\"https:\\\/\\\/www.interac.ca\\\/wp-content\\\/uploads\\\/2021\\\/10\\\/INT_BusinessLife_Header-FR.png\",\"width\":2400,\"height\":1326},{\"@type\":\"BreadcrumbList\",\"@id\":\"https:\\\/\\\/www.interac.ca\\\/fr\\\/contenu\\\/entreprises\\\/de-passe-temps-a-succes-commercial-lhistoire-touchante-dau-naturel\\\/#breadcrumb\",\"itemListElement\":[{\"@type\":\"ListItem\",\"position\":1,\"name\":\"Accueil\",\"item\":\"https:\\\/\\\/www.interac.ca\\\/fr\\\/\"},{\"@type\":\"ListItem\",\"position\":2,\"name\":\"De passe-temps \u00e0 succ\u00e8s commercial : l\u2019histoire touchante d\u2019Au Naturel\"}]},{\"@type\":\"WebSite\",\"@id\":\"https:\\\/\\\/www.interac.ca\\\/fr\\\/#website\",\"url\":\"https:\\\/\\\/www.interac.ca\\\/fr\\\/\",\"name\":\"Interac\",\"description\":\"\",\"publisher\":{\"@id\":\"https:\\\/\\\/www.interac.ca\\\/fr\\\/#organization\"},\"potentialAction\":[{\"@type\":\"SearchAction\",\"target\":{\"@type\":\"EntryPoint\",\"urlTemplate\":\"https:\\\/\\\/www.interac.ca\\\/fr\\\/?s={search_term_string}\"},\"query-input\":{\"@type\":\"PropertyValueSpecification\",\"valueRequired\":true,\"valueName\":\"search_term_string\"}}],\"inLanguage\":\"fr-CA\"},{\"@type\":\"Organization\",\"@id\":\"https:\\\/\\\/www.interac.ca\\\/fr\\\/#organization\",\"name\":\"Interac Corp.\",\"url\":\"https:\\\/\\\/www.interac.ca\\\/fr\\\/\",\"logo\":{\"@type\":\"ImageObject\",\"inLanguage\":\"fr-CA\",\"@id\":\"https:\\\/\\\/www.interac.ca\\\/fr\\\/#\\\/schema\\\/logo\\\/image\\\/\",\"url\":\"https:\\\/\\\/www.interac.ca\\\/wp-content\\\/uploads\\\/2022\\\/03\\\/Interac_Two-Colour_RGB.png\",\"contentUrl\":\"https:\\\/\\\/www.interac.ca\\\/wp-content\\\/uploads\\\/2022\\\/03\\\/Interac_Two-Colour_RGB.png\",\"width\":2210,\"height\":2210,\"caption\":\"Interac Corp.\"},\"image\":{\"@id\":\"https:\\\/\\\/www.interac.ca\\\/fr\\\/#\\\/schema\\\/logo\\\/image\\\/\"},\"sameAs\":[\"https:\\\/\\\/www.facebook.com\\\/interac\",\"https:\\\/\\\/x.com\\\/interac\",\"https:\\\/\\\/www.instagram.com\\\/interac\\\/\",\"https:\\\/\\\/www.linkedin.com\\\/company\\\/interac-corp\\\/\",\"https:\\\/\\\/www.youtube.com\\\/user\\\/InteracBrand\"]}]}<\/script>\n<!-- \/ Yoast SEO Premium plugin. -->","yoast_head_json":{"title":"De passe-temps \u00e0 succ\u00e8s commercial : l\u2019histoire touchante d\u2019Au Naturel - Interac","robots":{"index":"index","follow":"follow","max-snippet":"max-snippet:-1","max-image-preview":"max-image-preview:large","max-video-preview":"max-video-preview:-1"},"canonical":"https:\/\/www.interac.ca\/fr\/contenu\/entreprises\/de-passe-temps-a-succes-commercial-lhistoire-touchante-dau-naturel\/","og_locale":"fr_CA","og_type":"article","og_title":"De passe-temps \u00e0 succ\u00e8s commercial : l\u2019histoire touchante d\u2019Au Naturel","og_description":"https:\/\/youtu.be\/xjLQiJsUvCk Pour nombre de petites et moyennes entreprises, la naissance de l\u2019id\u00e9e entrepreneuriale se fait \u00e0 la maison&nbsp;: les","og_url":"https:\/\/www.interac.ca\/fr\/contenu\/entreprises\/de-passe-temps-a-succes-commercial-lhistoire-touchante-dau-naturel\/","og_site_name":"Interac","article_publisher":"https:\/\/www.facebook.com\/interac","article_modified_time":"2025-07-07T18:26:48+00:00","og_image":[{"width":1024,"height":566,"url":"https:\/\/www.interac.ca\/wp-content\/uploads\/2021\/10\/INT_BusinessLife_Header-FR-1024x566.png","type":"image\/png"}],"twitter_card":"summary_large_image","twitter_site":"@interac","twitter_misc":{"Estimation du temps de lecture":"5 minutes"},"schema":{"@context":"https:\/\/schema.org","@graph":[{"@type":"WebPage","@id":"https:\/\/www.interac.ca\/fr\/contenu\/entreprises\/de-passe-temps-a-succes-commercial-lhistoire-touchante-dau-naturel\/","url":"https:\/\/www.interac.ca\/fr\/contenu\/entreprises\/de-passe-temps-a-succes-commercial-lhistoire-touchante-dau-naturel\/","name":"De passe-temps \u00e0 succ\u00e8s commercial : l\u2019histoire touchante d\u2019Au Naturel - Interac","isPartOf":{"@id":"https:\/\/www.interac.ca\/fr\/#website"},"primaryImageOfPage":{"@id":"https:\/\/www.interac.ca\/fr\/contenu\/entreprises\/de-passe-temps-a-succes-commercial-lhistoire-touchante-dau-naturel\/#primaryimage"},"image":{"@id":"https:\/\/www.interac.ca\/fr\/contenu\/entreprises\/de-passe-temps-a-succes-commercial-lhistoire-touchante-dau-naturel\/#primaryimage"},"thumbnailUrl":"https:\/\/www.interac.ca\/wp-content\/uploads\/2021\/10\/INT_BusinessLife_Header-FR.png","datePublished":"2021-10-04T15:06:13+00:00","dateModified":"2025-07-07T18:26:48+00:00","breadcrumb":{"@id":"https:\/\/www.interac.ca\/fr\/contenu\/entreprises\/de-passe-temps-a-succes-commercial-lhistoire-touchante-dau-naturel\/#breadcrumb"},"inLanguage":"fr-CA","potentialAction":[{"@type":"ReadAction","target":["https:\/\/www.interac.ca\/fr\/contenu\/entreprises\/de-passe-temps-a-succes-commercial-lhistoire-touchante-dau-naturel\/"]}]},{"@type":"ImageObject","inLanguage":"fr-CA","@id":"https:\/\/www.interac.ca\/fr\/contenu\/entreprises\/de-passe-temps-a-succes-commercial-lhistoire-touchante-dau-naturel\/#primaryimage","url":"https:\/\/www.interac.ca\/wp-content\/uploads\/2021\/10\/INT_BusinessLife_Header-FR.png","contentUrl":"https:\/\/www.interac.ca\/wp-content\/uploads\/2021\/10\/INT_BusinessLife_Header-FR.png","width":2400,"height":1326},{"@type":"BreadcrumbList","@id":"https:\/\/www.interac.ca\/fr\/contenu\/entreprises\/de-passe-temps-a-succes-commercial-lhistoire-touchante-dau-naturel\/#breadcrumb","itemListElement":[{"@type":"ListItem","position":1,"name":"Accueil","item":"https:\/\/www.interac.ca\/fr\/"},{"@type":"ListItem","position":2,"name":"De passe-temps \u00e0 succ\u00e8s commercial : l\u2019histoire touchante d\u2019Au Naturel"}]},{"@type":"WebSite","@id":"https:\/\/www.interac.ca\/fr\/#website","url":"https:\/\/www.interac.ca\/fr\/","name":"Interac","description":"","publisher":{"@id":"https:\/\/www.interac.ca\/fr\/#organization"},"potentialAction":[{"@type":"SearchAction","target":{"@type":"EntryPoint","urlTemplate":"https:\/\/www.interac.ca\/fr\/?s={search_term_string}"},"query-input":{"@type":"PropertyValueSpecification","valueRequired":true,"valueName":"search_term_string"}}],"inLanguage":"fr-CA"},{"@type":"Organization","@id":"https:\/\/www.interac.ca\/fr\/#organization","name":"Interac Corp.","url":"https:\/\/www.interac.ca\/fr\/","logo":{"@type":"ImageObject","inLanguage":"fr-CA","@id":"https:\/\/www.interac.ca\/fr\/#\/schema\/logo\/image\/","url":"https:\/\/www.interac.ca\/wp-content\/uploads\/2022\/03\/Interac_Two-Colour_RGB.png","contentUrl":"https:\/\/www.interac.ca\/wp-content\/uploads\/2022\/03\/Interac_Two-Colour_RGB.png","width":2210,"height":2210,"caption":"Interac Corp."},"image":{"@id":"https:\/\/www.interac.ca\/fr\/#\/schema\/logo\/image\/"},"sameAs":["https:\/\/www.facebook.com\/interac","https:\/\/x.com\/interac","https:\/\/www.instagram.com\/interac\/","https:\/\/www.linkedin.com\/company\/interac-corp\/","https:\/\/www.youtube.com\/user\/InteracBrand"]}]}},"_links":{"self":[{"href":"https:\/\/www.interac.ca\/fr\/wp-json\/wp\/v2\/content\/84715","targetHints":{"allow":["GET"]}}],"collection":[{"href":"https:\/\/www.interac.ca\/fr\/wp-json\/wp\/v2\/content"}],"about":[{"href":"https:\/\/www.interac.ca\/fr\/wp-json\/wp\/v2\/types\/content"}],"author":[{"embeddable":true,"href":"https:\/\/www.interac.ca\/fr\/wp-json\/wp\/v2\/users\/28"}],"version-history":[{"count":0,"href":"https:\/\/www.interac.ca\/fr\/wp-json\/wp\/v2\/content\/84715\/revisions"}],"wp:featuredmedia":[{"embeddable":true,"href":"https:\/\/www.interac.ca\/fr\/wp-json\/wp\/v2\/media\/84721"}],"wp:attachment":[{"href":"https:\/\/www.interac.ca\/fr\/wp-json\/wp\/v2\/media?parent=84715"}],"wp:term":[{"taxonomy":"content-tags","embeddable":true,"href":"https:\/\/www.interac.ca\/fr\/wp-json\/wp\/v2\/content-tags?post=84715"},{"taxonomy":"content-category","embeddable":true,"href":"https:\/\/www.interac.ca\/fr\/wp-json\/wp\/v2\/content-category?post=84715"},{"taxonomy":"spokespeople","embeddable":true,"href":"https:\/\/www.interac.ca\/fr\/wp-json\/wp\/v2\/spokespeople?post=84715"},{"taxonomy":"in_the_know_post_format","embeddable":true,"href":"https:\/\/www.interac.ca\/fr\/wp-json\/wp\/v2\/in_the_know_post_format?post=84715"}],"curies":[{"name":"wp","href":"https:\/\/api.w.org\/{rel}","templated":true}]}}