{"id":77425,"date":"2017-12-12T02:42:00","date_gmt":"2017-12-12T02:42:00","guid":{"rendered":"https:\/\/interac1.wpengine.com\/content\/%content-category%\/interac-predit-que-le-22-decembre-sera-la-journee-de-magasinage-la-plus-achalandee-de-lannee\/"},"modified":"2017-12-12T02:42:00","modified_gmt":"2017-12-12T02:42:00","slug":"interac-predit-que-le-22-decembre-sera-la-journee-de-magasinage-la-plus-achalandee-de-lannee","status":"publish","type":"content","link":"https:\/\/www.interac.ca\/fr\/contenu\/actualites\/interac-predit-que-le-22-decembre-sera-la-journee-de-magasinage-la-plus-achalandee-de-lannee\/","title":{"rendered":"Interac pr\u00e9dit que le 22 d\u00e9cembre sera la journ\u00e9e de magasinage la plus achaland\u00e9e de l\u2019ann\u00e9e"},"content":{"rendered":"<p style=\"text-align: center;\"><strong>77% des Canadiens pr\u00e9voient d\u00e9penser leur propre argent plut\u00f4t que de s&rsquo;endetter pendant les F\u00eates<\/strong><\/p>\n<p><strong>TORONTO,\u00a0le 11 d\u00e9cembre 2017 \u2013<\/strong>\u00a0Les consommateurs s\u2019empressant d\u2019acheter leurs cadeaux de derni\u00e8re minute pour les F\u00eates, le 22 d\u00e9cembre, soit le dernier vendredi avant la veille de No\u00ebl, devrait \u00eatre la journ\u00e9e la plus achaland\u00e9e de l\u2019ann\u00e9e, selon les donn\u00e9es publi\u00e9es aujourd\u2019hui par l\u2019Association Interac et Acxsys Corporation.<\/p>\n<p>Selon les donn\u00e9es des points de vente <em>Interac<\/em>, les Canadiens ont effectu\u00e9 plus de 24 millions de transactions et d\u00e9pens\u00e9 plus de 1,2 milliard de dollars le vendredi 23 d\u00e9cembre 2016. Ce qui en a fait la journ\u00e9e la plus achaland\u00e9e de la derni\u00e8re ann\u00e9e, l\u2019emportant sur la journ\u00e9e record de l\u2019ann\u00e9e pr\u00e9c\u00e9dente, le 23 d\u00e9cembre 2015, et ce, de 19 % de plus pour ce qui est du total des d\u00e9penses*.<\/p>\n<p>Selon les pr\u00e9visions publi\u00e9es par Interac, vendredi le 22 d\u00e9cembre est en voie d&rsquo;\u00eatre le jour de magasinage le plus achaland\u00e9 de 2017, avec 25 millions transactions par d\u00e9bit projet\u00e9es pour ce-jour-l\u00e0.<\/p>\n<p>Pour \u00e9viter les longues files d&rsquo;attente \u00e0 la caisse pendant le magasinage des F\u00eates, les consommateurs choisissent sans h\u00e9siter de payer par d\u00e9bit sans contact pendant cette p\u00e9riode de l&rsquo;ann\u00e9e. Selon un sondage* command\u00e9 par Interac, 68 % des Canadiens ont indiqu\u00e9 que, pendant le magasinage des F\u00eates, ce sont les magasins et centres commerciaux bond\u00e9s qui leur d\u00e9plaisent le plus, suivis des files d&rsquo;attente \u00e0 la caisse (61 %).<\/p>\n<p>\u00ab Nous avons constat\u00e9 que les Canadiens ont adopt\u00e9 de fa\u00e7on fulgurante notre produit d\u00e9bit sans contact, Flash\u00a0<em>Interac<\/em>, puisque les consommateurs ont utilis\u00e9 Flash plus de 1,5 milliard de fois cette ann\u00e9e, soit 80% de plus que l&rsquo;an dernier. Il est \u00e9vident que les consommateurs et les entreprises profitent de la commodit\u00e9 et de la vitesse de Flash\u00a0<em>Interac<\/em>\u00a0pour acc\u00e9l\u00e9rer leur passage \u00e0 la caisse \u00bb, a soulign\u00e9 Martin Ho, Chef, Gestion des produits, \u00e0 Interac. \u00ab Alors que les F\u00eates approchent, les consommateurs Canadiens gardent le contr\u00f4le de leurs achats des F\u00eates parce qu\u2019ils d\u00e9pensent l\u2019argent qui se trouvent dans leur compte gr\u00e2ce \u00e0 D\u00e9bit\u00a0<em>Interac<\/em>\u00a0et Flash\u00a0<em>Interac<\/em>. \u00bb<\/p>\n<p>Les consommateurs ont \u00e9galement la possibilit\u00e9 d&rsquo;utiliser D\u00e9bit\u00a0<em>Interac<\/em>\u00a0\u00e0 partir de leur application pr\u00e9f\u00e9r\u00e9e de portefeuille de paiement mobile compatible avec Flash\u00a0<em>Interac.<\/em>\u00a0Les paiements num\u00e9riques sont accept\u00e9s partout o\u00f9 le service Flash\u00a0<em>Interac<\/em>\u00a0est accept\u00e9, aupr\u00e8s de centaines de milliers de commer\u00e7ants partout au Canada.<\/p>\n<p>Si votre carte de d\u00e9bit est perdue ou vol\u00e9e durant la p\u00e9riode des F\u00eates, vous \u00eates prot\u00e9g\u00e9 par la Politique z\u00e9ro responsabilit\u00e9 <em>Interac<\/em>, ce qui signifie que vous n&rsquo;\u00eates pas responsable des pertes r\u00e9sultant de circonstances hors de votre contr\u00f4le lors de l&rsquo;utilisation de D\u00e9bit\u00a0<em>Interac<\/em>\u00a0ou Flash\u00a0<em>Interac<\/em>. De plus, lorsque vous utilisez Flash\u00a0<em>Interac<\/em>, des limites d\u2019achat sont \u00e9tablies et on vous demandera d\u2019ins\u00e9rer votre carte et d\u2019entrer votre code NIP lorsque la limite est atteinte.<\/p>\n<p>Un autre moyen facile de suivre l\u2019\u00e9tat de vos achats des F\u00eates est de r\u00e9gler rapidement et facilement les achats en groupe pour les cadeaux et les \u00e9v\u00e9nements. La nouvelle fonction Demander des fonds de Virement\u00a0<em>Interac<\/em>\u00a0permet aux clients des institutions financi\u00e8res participantes d&rsquo;envoyer une demande de fonds directement \u00e0 partir de leur application bancaire en ligne ou mobile et que ces fonds soient d\u00e9pos\u00e9s directement dans leur compte lorsque la demande est accept\u00e9e.<\/p>\n<h4><strong>Faits int\u00e9ressants au sujet des achats du temps des F\u00eates<\/strong><\/h4>\n<ul>\n<li>40 % des Canadiens affirment que se sentir limit\u00e9s sur le plan financier est l&rsquo;un des aspects qui leur d\u00e9pla\u00eet le plus au sujet des F\u00eates.<\/li>\n<li>Les mill\u00e9niaux sont plus susceptibles de s&rsquo;endetter, 34 % d&rsquo;entre eux affirment qu\u2019ils s&rsquo;attendent \u00e0 \u00ab \u00eatre dans le rouge. \u00bb<\/li>\n<li>Les Canadiens aiment les listes! Quarante-trois pour cent disent qu&rsquo;ils budg\u00e8tent pour les F\u00eates en faisant une liste de courses et qu&rsquo;il s&rsquo;y tiennent!<\/li>\n<li>Les Canadiens d\u00e9pensent intelligemment. Pr\u00e8s des deux tiers des Canadiens (61 %) pr\u00e9voient maintenir leurs achats des F\u00eates \u00e0 500 $ ou moins durant la p\u00e9riode des F\u00eates.<\/li>\n<li>Sans surprise, nous d\u00e9pensons surtout pour nos enfants! 43 % des Canadiens disent qu&rsquo;ils d\u00e9penseront surtout pour leurs enfants, suivis par leur partenaire\/conjoint (31 %) et leurs parents (12 %) pendant les F\u00eates.<\/li>\n<li>Les Canadiens d\u00e9pensent presque autant pour leurs animaux de compagnie (3 %) durant les F\u00eates que pour leur meilleur ami \u00ab humain \u00bb (4 %).<\/li>\n<\/ul>\n<h4><strong>\u00c0 propos du sondage<\/strong><\/h4>\n<p>Hill+Knowlton Strat\u00e9gies a men\u00e9 un sondage en ligne aupr\u00e8s des r\u00e9sidents canadiens entre le 27 octobre et le 1er novembre 2017. Au total, 1 061 membres du grand public \u00e2g\u00e9s de 18 ans et plus ont \u00e9t\u00e9 interrog\u00e9s. Les donn\u00e9es finales du sondage ont \u00e9t\u00e9 pond\u00e9r\u00e9es en fonction des donn\u00e9es du recensement national selon la r\u00e9gion, l&rsquo;\u00e2ge et le sexe.<\/p>\n<h4><strong>\u00c0 propos de l\u2019Association Interac et d\u2019Acxsys Corporation<\/strong><\/h4>\n<p>Ensemble, l\u2019Association Interac et Acxsys Corporation exploitent un syst\u00e8me de paiement par d\u00e9bit de classe mondiale qui est \u00e9conomique, largement accept\u00e9, fiable jour et nuit l\u2019ann\u00e9e durant, s\u00e9curitaire et efficace. L\u2019entreprise est le principal r\u00e9seau de paiement au Canada. La marque est choisie en moyenne seize millions de fois par jour pour effectuer des paiements et \u00e9changer de l\u2019argent. Depuis plus de 30 ans, elle permet d\u2019effectuer des transactions financi\u00e8res s\u00e9curis\u00e9es gr\u00e2ce \u00e0 des solutions num\u00e9riques de transfert de fonds et de paiement par d\u00e9bit qui sont novatrices et pratiques. Chef de file en mati\u00e8re de pr\u00e9vention et de d\u00e9tection de la fraude, l\u2019entreprise affiche l\u2019un des plus bas taux de fraude \u00e0 l\u2019\u00e9chelle internationale. Visitez le site\u00a0<a href=\"https:\/\/www.interac.ca\/fr\/\">interac.ca<\/a>\u00a0ou suivez-nous\u00a0<a href=\"https:\/\/twitter.com\/INTERAC\">@INTERAC<\/a>.<\/p>\n","protected":false},"excerpt":{"rendered":"<p>TORONTO,\u00a0le 11 d\u00e9cembre 2017 \u2013\u00a0Les consommateurs s\u2019empressant d\u2019acheter leurs cadeaux de derni\u00e8re minute pour les F\u00eates, le 22 d\u00e9cembre, soit le dernier vendredi avant la veille de No\u00ebl, devrait \u00eatre la journ\u00e9e la plus achaland\u00e9e de l\u2019ann\u00e9e, selon les donn\u00e9es publi\u00e9es aujourd\u2019hui par l\u2019Association Interac et Acxsys Corporation. [Lire la suite]<\/p>\n","protected":false},"author":1,"featured_media":77313,"template":"","format":"standard","meta":{"_acf_changed":false,"footnotes":""},"content-tags":[731,737,745],"content-category":[197],"spokespeople":[],"in_the_know_post_format":[179],"class_list":["post-77425","content","type-content","status-publish","format-standard","has-post-thumbnail","hentry","content-tags-debit-interac","content-tags-paiements","content-tags-tendances","content-category-actualites","in_the_know_post_format-communique-de-presse"],"acf":[],"yoast_head":"<!-- This site is optimized with the Yoast SEO Premium plugin v27.4 (Yoast SEO v27.4) - https:\/\/yoast.com\/product\/yoast-seo-premium-wordpress\/ -->\n<title>Interac pr\u00e9dit que le 22 d\u00e9cembre sera la journ\u00e9e de magasinage la plus achaland\u00e9e de l\u2019ann\u00e9e - Interac<\/title>\n<meta name=\"robots\" content=\"index, follow, max-snippet:-1, max-image-preview:large, max-video-preview:-1\" \/>\n<link rel=\"canonical\" href=\"https:\/\/www.interac.ca\/fr\/contenu\/actualites\/interac-predit-que-le-22-decembre-sera-la-journee-de-magasinage-la-plus-achalandee-de-lannee\/\" \/>\n<meta property=\"og:locale\" content=\"fr_CA\" \/>\n<meta property=\"og:type\" content=\"article\" \/>\n<meta property=\"og:title\" content=\"Interac pr\u00e9dit que le 22 d\u00e9cembre sera la journ\u00e9e de magasinage la plus achaland\u00e9e de l\u2019ann\u00e9e\" \/>\n<meta property=\"og:description\" content=\"TORONTO,\u00a0le 11 d\u00e9cembre 2017 \u2013\u00a0Les consommateurs s\u2019empressant d\u2019acheter leurs cadeaux de derni\u00e8re minute pour les F\u00eates, le 22 d\u00e9cembre, soit le dernier vendredi avant la veille de No\u00ebl, devrait \u00eatre la journ\u00e9e la plus achaland\u00e9e de l\u2019ann\u00e9e, selon les donn\u00e9es publi\u00e9es aujourd\u2019hui par l\u2019Association Interac et Acxsys Corporation.\" \/>\n<meta property=\"og:url\" content=\"https:\/\/www.interac.ca\/fr\/contenu\/actualites\/interac-predit-que-le-22-decembre-sera-la-journee-de-magasinage-la-plus-achalandee-de-lannee\/\" \/>\n<meta property=\"og:site_name\" content=\"Interac\" \/>\n<meta property=\"article:publisher\" content=\"https:\/\/www.facebook.com\/interac\" \/>\n<meta property=\"og:image\" content=\"https:\/\/www.interac.ca\/wp-content\/uploads\/2021\/05\/rawpixel-1080873-unsplash-7-scaled.jpg\" \/>\n\t<meta property=\"og:image:width\" content=\"2560\" \/>\n\t<meta property=\"og:image:height\" content=\"1707\" \/>\n\t<meta property=\"og:image:type\" content=\"image\/jpeg\" \/>\n<meta name=\"twitter:card\" content=\"summary_large_image\" \/>\n<meta name=\"twitter:site\" content=\"@interac\" \/>\n<meta name=\"twitter:label1\" content=\"Estimation du temps de lecture\" \/>\n\t<meta name=\"twitter:data1\" content=\"5 minutes\" \/>\n<script type=\"application\/ld+json\" class=\"yoast-schema-graph\">{\"@context\":\"https:\\\/\\\/schema.org\",\"@graph\":[{\"@type\":\"WebPage\",\"@id\":\"https:\\\/\\\/www.interac.ca\\\/fr\\\/contenu\\\/actualites\\\/interac-predit-que-le-22-decembre-sera-la-journee-de-magasinage-la-plus-achalandee-de-lannee\\\/\",\"url\":\"https:\\\/\\\/www.interac.ca\\\/fr\\\/contenu\\\/actualites\\\/interac-predit-que-le-22-decembre-sera-la-journee-de-magasinage-la-plus-achalandee-de-lannee\\\/\",\"name\":\"Interac pr\u00e9dit que le 22 d\u00e9cembre sera la journ\u00e9e de magasinage la plus achaland\u00e9e de l\u2019ann\u00e9e - Interac\",\"isPartOf\":{\"@id\":\"https:\\\/\\\/www.interac.ca\\\/fr\\\/#website\"},\"primaryImageOfPage\":{\"@id\":\"https:\\\/\\\/www.interac.ca\\\/fr\\\/contenu\\\/actualites\\\/interac-predit-que-le-22-decembre-sera-la-journee-de-magasinage-la-plus-achalandee-de-lannee\\\/#primaryimage\"},\"image\":{\"@id\":\"https:\\\/\\\/www.interac.ca\\\/fr\\\/contenu\\\/actualites\\\/interac-predit-que-le-22-decembre-sera-la-journee-de-magasinage-la-plus-achalandee-de-lannee\\\/#primaryimage\"},\"thumbnailUrl\":\"https:\\\/\\\/www.interac.ca\\\/wp-content\\\/uploads\\\/2021\\\/05\\\/rawpixel-1080873-unsplash-7-scaled.jpg\",\"datePublished\":\"2017-12-12T02:42:00+00:00\",\"breadcrumb\":{\"@id\":\"https:\\\/\\\/www.interac.ca\\\/fr\\\/contenu\\\/actualites\\\/interac-predit-que-le-22-decembre-sera-la-journee-de-magasinage-la-plus-achalandee-de-lannee\\\/#breadcrumb\"},\"inLanguage\":\"fr-CA\",\"potentialAction\":[{\"@type\":\"ReadAction\",\"target\":[\"https:\\\/\\\/www.interac.ca\\\/fr\\\/contenu\\\/actualites\\\/interac-predit-que-le-22-decembre-sera-la-journee-de-magasinage-la-plus-achalandee-de-lannee\\\/\"]}]},{\"@type\":\"ImageObject\",\"inLanguage\":\"fr-CA\",\"@id\":\"https:\\\/\\\/www.interac.ca\\\/fr\\\/contenu\\\/actualites\\\/interac-predit-que-le-22-decembre-sera-la-journee-de-magasinage-la-plus-achalandee-de-lannee\\\/#primaryimage\",\"url\":\"https:\\\/\\\/www.interac.ca\\\/wp-content\\\/uploads\\\/2021\\\/05\\\/rawpixel-1080873-unsplash-7-scaled.jpg\",\"contentUrl\":\"https:\\\/\\\/www.interac.ca\\\/wp-content\\\/uploads\\\/2021\\\/05\\\/rawpixel-1080873-unsplash-7-scaled.jpg\",\"width\":2560,\"height\":1707},{\"@type\":\"BreadcrumbList\",\"@id\":\"https:\\\/\\\/www.interac.ca\\\/fr\\\/contenu\\\/actualites\\\/interac-predit-que-le-22-decembre-sera-la-journee-de-magasinage-la-plus-achalandee-de-lannee\\\/#breadcrumb\",\"itemListElement\":[{\"@type\":\"ListItem\",\"position\":1,\"name\":\"Accueil\",\"item\":\"https:\\\/\\\/www.interac.ca\\\/fr\\\/\"},{\"@type\":\"ListItem\",\"position\":2,\"name\":\"Interac pr\u00e9dit que le 22 d\u00e9cembre sera la journ\u00e9e de magasinage la plus achaland\u00e9e de l\u2019ann\u00e9e\"}]},{\"@type\":\"WebSite\",\"@id\":\"https:\\\/\\\/www.interac.ca\\\/fr\\\/#website\",\"url\":\"https:\\\/\\\/www.interac.ca\\\/fr\\\/\",\"name\":\"Interac\",\"description\":\"\",\"publisher\":{\"@id\":\"https:\\\/\\\/www.interac.ca\\\/fr\\\/#organization\"},\"potentialAction\":[{\"@type\":\"SearchAction\",\"target\":{\"@type\":\"EntryPoint\",\"urlTemplate\":\"https:\\\/\\\/www.interac.ca\\\/fr\\\/?s={search_term_string}\"},\"query-input\":{\"@type\":\"PropertyValueSpecification\",\"valueRequired\":true,\"valueName\":\"search_term_string\"}}],\"inLanguage\":\"fr-CA\"},{\"@type\":\"Organization\",\"@id\":\"https:\\\/\\\/www.interac.ca\\\/fr\\\/#organization\",\"name\":\"Interac Corp.\",\"url\":\"https:\\\/\\\/www.interac.ca\\\/fr\\\/\",\"logo\":{\"@type\":\"ImageObject\",\"inLanguage\":\"fr-CA\",\"@id\":\"https:\\\/\\\/www.interac.ca\\\/fr\\\/#\\\/schema\\\/logo\\\/image\\\/\",\"url\":\"https:\\\/\\\/www.interac.ca\\\/wp-content\\\/uploads\\\/2022\\\/03\\\/Interac_Two-Colour_RGB.png\",\"contentUrl\":\"https:\\\/\\\/www.interac.ca\\\/wp-content\\\/uploads\\\/2022\\\/03\\\/Interac_Two-Colour_RGB.png\",\"width\":2210,\"height\":2210,\"caption\":\"Interac Corp.\"},\"image\":{\"@id\":\"https:\\\/\\\/www.interac.ca\\\/fr\\\/#\\\/schema\\\/logo\\\/image\\\/\"},\"sameAs\":[\"https:\\\/\\\/www.facebook.com\\\/interac\",\"https:\\\/\\\/x.com\\\/interac\",\"https:\\\/\\\/www.instagram.com\\\/interac\\\/\",\"https:\\\/\\\/www.linkedin.com\\\/company\\\/interac-corp\\\/\",\"https:\\\/\\\/www.youtube.com\\\/user\\\/InteracBrand\"]}]}<\/script>\n<!-- \/ Yoast SEO Premium plugin. -->","yoast_head_json":{"title":"Interac pr\u00e9dit que le 22 d\u00e9cembre sera la journ\u00e9e de magasinage la plus achaland\u00e9e de l\u2019ann\u00e9e - Interac","robots":{"index":"index","follow":"follow","max-snippet":"max-snippet:-1","max-image-preview":"max-image-preview:large","max-video-preview":"max-video-preview:-1"},"canonical":"https:\/\/www.interac.ca\/fr\/contenu\/actualites\/interac-predit-que-le-22-decembre-sera-la-journee-de-magasinage-la-plus-achalandee-de-lannee\/","og_locale":"fr_CA","og_type":"article","og_title":"Interac pr\u00e9dit que le 22 d\u00e9cembre sera la journ\u00e9e de magasinage la plus achaland\u00e9e de l\u2019ann\u00e9e","og_description":"TORONTO,\u00a0le 11 d\u00e9cembre 2017 \u2013\u00a0Les consommateurs s\u2019empressant d\u2019acheter leurs cadeaux de derni\u00e8re minute pour les F\u00eates, le 22 d\u00e9cembre, soit le dernier vendredi avant la veille de No\u00ebl, devrait \u00eatre la journ\u00e9e la plus achaland\u00e9e de l\u2019ann\u00e9e, selon les donn\u00e9es publi\u00e9es aujourd\u2019hui par l\u2019Association Interac et Acxsys Corporation.","og_url":"https:\/\/www.interac.ca\/fr\/contenu\/actualites\/interac-predit-que-le-22-decembre-sera-la-journee-de-magasinage-la-plus-achalandee-de-lannee\/","og_site_name":"Interac","article_publisher":"https:\/\/www.facebook.com\/interac","og_image":[{"width":2560,"height":1707,"url":"https:\/\/www.interac.ca\/wp-content\/uploads\/2021\/05\/rawpixel-1080873-unsplash-7-scaled.jpg","type":"image\/jpeg"}],"twitter_card":"summary_large_image","twitter_site":"@interac","twitter_misc":{"Estimation du temps de lecture":"5 minutes"},"schema":{"@context":"https:\/\/schema.org","@graph":[{"@type":"WebPage","@id":"https:\/\/www.interac.ca\/fr\/contenu\/actualites\/interac-predit-que-le-22-decembre-sera-la-journee-de-magasinage-la-plus-achalandee-de-lannee\/","url":"https:\/\/www.interac.ca\/fr\/contenu\/actualites\/interac-predit-que-le-22-decembre-sera-la-journee-de-magasinage-la-plus-achalandee-de-lannee\/","name":"Interac pr\u00e9dit que le 22 d\u00e9cembre sera la journ\u00e9e de magasinage la plus achaland\u00e9e de l\u2019ann\u00e9e - Interac","isPartOf":{"@id":"https:\/\/www.interac.ca\/fr\/#website"},"primaryImageOfPage":{"@id":"https:\/\/www.interac.ca\/fr\/contenu\/actualites\/interac-predit-que-le-22-decembre-sera-la-journee-de-magasinage-la-plus-achalandee-de-lannee\/#primaryimage"},"image":{"@id":"https:\/\/www.interac.ca\/fr\/contenu\/actualites\/interac-predit-que-le-22-decembre-sera-la-journee-de-magasinage-la-plus-achalandee-de-lannee\/#primaryimage"},"thumbnailUrl":"https:\/\/www.interac.ca\/wp-content\/uploads\/2021\/05\/rawpixel-1080873-unsplash-7-scaled.jpg","datePublished":"2017-12-12T02:42:00+00:00","breadcrumb":{"@id":"https:\/\/www.interac.ca\/fr\/contenu\/actualites\/interac-predit-que-le-22-decembre-sera-la-journee-de-magasinage-la-plus-achalandee-de-lannee\/#breadcrumb"},"inLanguage":"fr-CA","potentialAction":[{"@type":"ReadAction","target":["https:\/\/www.interac.ca\/fr\/contenu\/actualites\/interac-predit-que-le-22-decembre-sera-la-journee-de-magasinage-la-plus-achalandee-de-lannee\/"]}]},{"@type":"ImageObject","inLanguage":"fr-CA","@id":"https:\/\/www.interac.ca\/fr\/contenu\/actualites\/interac-predit-que-le-22-decembre-sera-la-journee-de-magasinage-la-plus-achalandee-de-lannee\/#primaryimage","url":"https:\/\/www.interac.ca\/wp-content\/uploads\/2021\/05\/rawpixel-1080873-unsplash-7-scaled.jpg","contentUrl":"https:\/\/www.interac.ca\/wp-content\/uploads\/2021\/05\/rawpixel-1080873-unsplash-7-scaled.jpg","width":2560,"height":1707},{"@type":"BreadcrumbList","@id":"https:\/\/www.interac.ca\/fr\/contenu\/actualites\/interac-predit-que-le-22-decembre-sera-la-journee-de-magasinage-la-plus-achalandee-de-lannee\/#breadcrumb","itemListElement":[{"@type":"ListItem","position":1,"name":"Accueil","item":"https:\/\/www.interac.ca\/fr\/"},{"@type":"ListItem","position":2,"name":"Interac pr\u00e9dit que le 22 d\u00e9cembre sera la journ\u00e9e de magasinage la plus achaland\u00e9e de l\u2019ann\u00e9e"}]},{"@type":"WebSite","@id":"https:\/\/www.interac.ca\/fr\/#website","url":"https:\/\/www.interac.ca\/fr\/","name":"Interac","description":"","publisher":{"@id":"https:\/\/www.interac.ca\/fr\/#organization"},"potentialAction":[{"@type":"SearchAction","target":{"@type":"EntryPoint","urlTemplate":"https:\/\/www.interac.ca\/fr\/?s={search_term_string}"},"query-input":{"@type":"PropertyValueSpecification","valueRequired":true,"valueName":"search_term_string"}}],"inLanguage":"fr-CA"},{"@type":"Organization","@id":"https:\/\/www.interac.ca\/fr\/#organization","name":"Interac Corp.","url":"https:\/\/www.interac.ca\/fr\/","logo":{"@type":"ImageObject","inLanguage":"fr-CA","@id":"https:\/\/www.interac.ca\/fr\/#\/schema\/logo\/image\/","url":"https:\/\/www.interac.ca\/wp-content\/uploads\/2022\/03\/Interac_Two-Colour_RGB.png","contentUrl":"https:\/\/www.interac.ca\/wp-content\/uploads\/2022\/03\/Interac_Two-Colour_RGB.png","width":2210,"height":2210,"caption":"Interac Corp."},"image":{"@id":"https:\/\/www.interac.ca\/fr\/#\/schema\/logo\/image\/"},"sameAs":["https:\/\/www.facebook.com\/interac","https:\/\/x.com\/interac","https:\/\/www.instagram.com\/interac\/","https:\/\/www.linkedin.com\/company\/interac-corp\/","https:\/\/www.youtube.com\/user\/InteracBrand"]}]}},"_links":{"self":[{"href":"https:\/\/www.interac.ca\/fr\/wp-json\/wp\/v2\/content\/77425","targetHints":{"allow":["GET"]}}],"collection":[{"href":"https:\/\/www.interac.ca\/fr\/wp-json\/wp\/v2\/content"}],"about":[{"href":"https:\/\/www.interac.ca\/fr\/wp-json\/wp\/v2\/types\/content"}],"author":[{"embeddable":true,"href":"https:\/\/www.interac.ca\/fr\/wp-json\/wp\/v2\/users\/1"}],"version-history":[{"count":0,"href":"https:\/\/www.interac.ca\/fr\/wp-json\/wp\/v2\/content\/77425\/revisions"}],"wp:featuredmedia":[{"embeddable":true,"href":"https:\/\/www.interac.ca\/fr\/wp-json\/wp\/v2\/media\/77313"}],"wp:attachment":[{"href":"https:\/\/www.interac.ca\/fr\/wp-json\/wp\/v2\/media?parent=77425"}],"wp:term":[{"taxonomy":"content-tags","embeddable":true,"href":"https:\/\/www.interac.ca\/fr\/wp-json\/wp\/v2\/content-tags?post=77425"},{"taxonomy":"content-category","embeddable":true,"href":"https:\/\/www.interac.ca\/fr\/wp-json\/wp\/v2\/content-category?post=77425"},{"taxonomy":"spokespeople","embeddable":true,"href":"https:\/\/www.interac.ca\/fr\/wp-json\/wp\/v2\/spokespeople?post=77425"},{"taxonomy":"in_the_know_post_format","embeddable":true,"href":"https:\/\/www.interac.ca\/fr\/wp-json\/wp\/v2\/in_the_know_post_format?post=77425"}],"curies":[{"name":"wp","href":"https:\/\/api.w.org\/{rel}","templated":true}]}}