{"id":184181,"date":"2026-02-02T09:00:00","date_gmt":"2026-02-02T14:00:00","guid":{"rendered":"https:\/\/www.interac.ca\/?post_type=content&#038;p=184181"},"modified":"2026-03-27T16:01:45","modified_gmt":"2026-03-27T20:01:45","slug":"interac-nomme-darcy-mcdonald-au-poste-de-chef-de-groupe-produits","status":"publish","type":"content","link":"https:\/\/www.interac.ca\/fr\/contenu\/actualites\/interac-nomme-darcy-mcdonald-au-poste-de-chef-de-groupe-produits\/","title":{"rendered":"Interac nomme D\u2019Arcy McDonald au poste de chef de groupe, Produits\u00a0"},"content":{"rendered":"\n<p class=\"has-text-align-center\"><em>Un dirigeant dynamique du secteur bancaire et des paiements pour diriger la prochaine phase de la feuille de route des produits d&rsquo;Interac<\/em><\/p>\n\n\n\n<p><strong>TORONTO, le 2 f\u00e9vrier 2026<\/strong>&nbsp;\u2014 Interac Corp. (Interac) a annonc\u00e9 aujourd\u2019hui la nomination de D\u2019Arcy McDonald au poste de chef de groupe, Produits, en vigueur d\u00e8s maintenant. M. McDonald dirigera l\u2019\u00e9volution du portefeuille de produits d\u2019Interac, faisant progresser des services fiables et s\u00e9curis\u00e9s tels que D\u00e9bit Interac, Virement Interac et la gamme de solutions Interac V\u00e9rifi\u00e9, tout en d\u00e9veloppant et en acc\u00e9l\u00e9rant la croissance de produits \u00e9mergents, notamment <a href=\"https:\/\/www.interac.ca\/fr\/contenu\/actualites\/les-clients-de-staples-bureau-en-gros-sont-les-premiers-a-profiter-de-la-nouvelle-solution-de-commerce-electronique-dinterac-konek\/\">KONEK<\/a>. Ensemble, ces offres permettent des transactions num\u00e9riques et des exp\u00e9riences de v\u00e9rification fluides, soutenant la mani\u00e8re dont les Canadiens paient et s\u2019authentifient plus de 20 millions de fois par jour.<\/p>\n\n\n\n<p>\u00ab D\u2019Arcy apporte une expertise approfondie des services financiers et une solide compr\u00e9hension du r\u00f4le vital qu\u2019Interac joue dans l\u2019\u00e9conomie canadienne \u00bb, a d\u00e9clar\u00e9 Jeremy Wilmot, pr\u00e9sident et chef de la direction d\u2019Interac. \u00ab Il est le mieux positionn\u00e9 pour diriger la prochaine phase de notre strat\u00e9gie produits, apportant clart\u00e9, discipline et dynamisme \u00e0 notre feuille de route produits alors que nous innovons pour r\u00e9pondre aux besoins changeants des consommateurs et des organisations. \u00bb<\/p>\n\n\n\n<p>Fort de son exp\u00e9rience en tant que dirigeant bancaire canadien visionnaire, M. McDonald guidera la prochaine vague d\u2019innovation produits, tout en favorisant l\u2019adoption des services cl\u00e9s et en renfor\u00e7ant la position des produits Interac en tant qu\u2019infrastructures nationales critiques de paiement et de confiance num\u00e9rique. Sa pr\u00e9sence au conseil d\u2019administration d\u2019Interac de 2020 \u00e0 2025 lui conf\u00e8re une vision \u00e9clair\u00e9e et globale du potentiel de l\u2019organisation alors qu\u2019il assume ce nouveau r\u00f4le.<\/p>\n\n\n\n<p>M. McDonald rejoint Interac apr\u00e8s avoir travaill\u00e9 \u00e0 la Banque Scotia, o\u00f9 il a r\u00e9cemment occup\u00e9 le poste de vice-pr\u00e9sident principal, r\u00e9gion de l\u2019Ontario. Auparavant, il a dirig\u00e9 les portefeuilles des paiements de d\u00e9tail, des pr\u00eats non garantis, des cartes de cr\u00e9dit, des investissements et des d\u00e9p\u00f4ts pour la Banque Scotia. Plus t\u00f4t dans sa carri\u00e8re, il a occup\u00e9 des postes de direction \u00e0 la Banque TD, ax\u00e9s sur l\u2019\u00e9pargne et l\u2019investissement, les services transfrontaliers et l\u2019int\u00e9gration des canaux num\u00e9riques.<\/p>\n\n\n\n<p>\u00ab Interac joue un r\u00f4le important dans la vie quotidienne des Canadiens, permettant \u00e0 des millions de personnes d\u2019effectuer des transactions en toute confiance \u00bb, a d\u00e9clar\u00e9 D\u2019Arcy McDonald, chef de groupe, Produits chez Interac. \u00ab Je suis enthousiaste \u00e0 l\u2019id\u00e9e de contribuer \u00e0 fa\u00e7onner la prochaine g\u00e9n\u00e9ration de produits Interac&nbsp;: des solutions qui gagneront la confiance des Canadiens, qui placeront leurs besoins au premier plan et qui renforceront l\u2019infrastructure num\u00e9rique dont notre pays d\u00e9pend. \u00bb<\/p>\n\n\n\n<p>Depuis plus de 40 ans, Interac aide les Canadiens \u00e0 transf\u00e9rer de l\u2019argent et des informations en toute s\u00e9curit\u00e9. La nomination de M. McDonald souligne l\u2019engagement de l\u2019entreprise \u00e0 donner aux Canadiens les moyens d\u2019agir dans une \u00e9conomie num\u00e9rique en constante \u00e9volution.<\/p>\n\n\n\n<p><strong>\u00c0 propos d\u2019Interac Corp.<\/strong><br><br>Interac permet \u00e0 la population canadienne d\u2019effectuer des transactions num\u00e9riques en toute confiance en lui offrant des services de paiement et d\u2019\u00e9change de valeurs. La s\u00e9curit\u00e9 est au c\u0153ur de tout ce qu\u2019elle fait pour contribuer \u00e0 l\u2019avenir de la monnaie, des donn\u00e9es et de la v\u00e9rification au Canada. Nous aidons \u00e0 assurer la s\u00e9curit\u00e9 des clients canadiens lorsqu\u2019ils effectuent des transactions. \u00c0 travers son r\u00e9seau auquel adh\u00e8rent pr\u00e8s de 300 institutions financi\u00e8res, les consommateurs du pays utilisent les produits Interac en moyenne 20 millions de fois par jour pour des transactions mon\u00e9taires. Interac s\u2019engage \u00e0 d\u00e9fendre la culture, la communaut\u00e9 et la citoyennet\u00e9 d\u2019entreprise. L\u2019entreprise est fi\u00e8re d\u2019\u00eatre l\u2019une des marques financi\u00e8res les plus importantes et les plus fiables au Canada.&nbsp;<\/p>\n\n\n\n<p><br><strong>Pour plus d\u2019informations :<\/strong> Contact m\u00e9dias&nbsp;: Interac Corp., 416-869-2017,&nbsp;<a href=\"mailto:media@interac.ca\">media@interac.ca<\/a><\/p>\n","protected":false},"excerpt":{"rendered":"<p>Un dirigeant dynamique du secteur bancaire et des paiements pour diriger la prochaine phase de la feuille de route des produits d&rsquo;Interac TORONTO, le 2 f\u00e9vrier 2026&nbsp;\u2014 Interac Corp. (Interac) a annonc\u00e9 aujourd\u2019hui la nomination de D\u2019Arcy McDonald au poste de chef de groupe, Produits, en vigueur d\u00e8s maintenant. M. McDonald dirigera l\u2019\u00e9volution du portefeuille&hellip;<\/p>\n","protected":false},"author":8,"featured_media":184180,"template":"","format":"standard","meta":{"_acf_changed":false,"footnotes":""},"content-tags":[959],"content-category":[197],"spokespeople":[969,797],"in_the_know_post_format":[179],"class_list":["post-184181","content","type-content","status-publish","format-standard","has-post-thumbnail","hentry","content-tags-culture-communaute","content-category-actualites","spokespeople-darcy-mcdonald","spokespeople-jeremy-wilmot-fr","in_the_know_post_format-communique-de-presse"],"acf":[],"yoast_head":"<!-- This site is optimized with the Yoast SEO Premium plugin v27.4 (Yoast SEO v27.4) - https:\/\/yoast.com\/product\/yoast-seo-premium-wordpress\/ -->\n<title>Interac nomme D\u2019Arcy McDonald au poste de chef de groupe, Produits\u00a0 - Interac<\/title>\n<meta name=\"description\" content=\"Interac annonce la nomination de Darcy McDonald au poste de chef de groupe, Produits, renfor\u00e7ant son leadership et l\u2019innovation produit.\" \/>\n<meta name=\"robots\" content=\"index, follow, max-snippet:-1, max-image-preview:large, max-video-preview:-1\" \/>\n<link rel=\"canonical\" href=\"https:\/\/www.interac.ca\/fr\/contenu\/actualites\/interac-nomme-darcy-mcdonald-au-poste-de-chef-de-groupe-produits\/\" \/>\n<meta property=\"og:locale\" content=\"fr_CA\" \/>\n<meta property=\"og:type\" content=\"article\" \/>\n<meta property=\"og:title\" content=\"Interac nomme D\u2019Arcy McDonald au poste de chef de groupe, Produits\u00a0\" \/>\n<meta property=\"og:description\" content=\"Un dirigeant dynamique du secteur bancaire et des paiements pour diriger la prochaine phase de la feuille de route des produits d&#039;Interac TORONTO, le 2\" \/>\n<meta property=\"og:url\" content=\"https:\/\/www.interac.ca\/fr\/contenu\/actualites\/interac-nomme-darcy-mcdonald-au-poste-de-chef-de-groupe-produits\/\" \/>\n<meta property=\"og:site_name\" content=\"Interac\" \/>\n<meta property=\"article:publisher\" content=\"https:\/\/www.facebook.com\/interac\" \/>\n<meta property=\"article:modified_time\" content=\"2026-03-27T20:01:45+00:00\" \/>\n<meta property=\"og:image\" content=\"https:\/\/www.interac.ca\/wp-content\/uploads\/2026\/02\/Interac-appoints-DArcy-McDonald-as-Group-Head-Product.jpg\" \/>\n\t<meta property=\"og:image:width\" content=\"2400\" \/>\n\t<meta property=\"og:image:height\" content=\"1325\" \/>\n\t<meta property=\"og:image:type\" content=\"image\/jpeg\" \/>\n<meta name=\"twitter:card\" content=\"summary_large_image\" \/>\n<meta name=\"twitter:site\" content=\"@interac\" \/>\n<meta name=\"twitter:label1\" content=\"Estimation du temps de lecture\" \/>\n\t<meta name=\"twitter:data1\" content=\"3 minutes\" \/>\n<script type=\"application\/ld+json\" class=\"yoast-schema-graph\">{\"@context\":\"https:\\\/\\\/schema.org\",\"@graph\":[{\"@type\":\"WebPage\",\"@id\":\"https:\\\/\\\/www.interac.ca\\\/fr\\\/contenu\\\/actualites\\\/interac-nomme-darcy-mcdonald-au-poste-de-chef-de-groupe-produits\\\/\",\"url\":\"https:\\\/\\\/www.interac.ca\\\/fr\\\/contenu\\\/actualites\\\/interac-nomme-darcy-mcdonald-au-poste-de-chef-de-groupe-produits\\\/\",\"name\":\"Interac nomme D\u2019Arcy McDonald au poste de chef de groupe, Produits\u00a0 - Interac\",\"isPartOf\":{\"@id\":\"https:\\\/\\\/www.interac.ca\\\/fr\\\/#website\"},\"primaryImageOfPage\":{\"@id\":\"https:\\\/\\\/www.interac.ca\\\/fr\\\/contenu\\\/actualites\\\/interac-nomme-darcy-mcdonald-au-poste-de-chef-de-groupe-produits\\\/#primaryimage\"},\"image\":{\"@id\":\"https:\\\/\\\/www.interac.ca\\\/fr\\\/contenu\\\/actualites\\\/interac-nomme-darcy-mcdonald-au-poste-de-chef-de-groupe-produits\\\/#primaryimage\"},\"thumbnailUrl\":\"https:\\\/\\\/www.interac.ca\\\/wp-content\\\/uploads\\\/2026\\\/02\\\/Interac-appoints-DArcy-McDonald-as-Group-Head-Product.jpg\",\"datePublished\":\"2026-02-02T14:00:00+00:00\",\"dateModified\":\"2026-03-27T20:01:45+00:00\",\"description\":\"Interac annonce la nomination de Darcy McDonald au poste de chef de groupe, Produits, renfor\u00e7ant son leadership et l\u2019innovation produit.\",\"breadcrumb\":{\"@id\":\"https:\\\/\\\/www.interac.ca\\\/fr\\\/contenu\\\/actualites\\\/interac-nomme-darcy-mcdonald-au-poste-de-chef-de-groupe-produits\\\/#breadcrumb\"},\"inLanguage\":\"fr-CA\",\"potentialAction\":[{\"@type\":\"ReadAction\",\"target\":[\"https:\\\/\\\/www.interac.ca\\\/fr\\\/contenu\\\/actualites\\\/interac-nomme-darcy-mcdonald-au-poste-de-chef-de-groupe-produits\\\/\"]}]},{\"@type\":\"ImageObject\",\"inLanguage\":\"fr-CA\",\"@id\":\"https:\\\/\\\/www.interac.ca\\\/fr\\\/contenu\\\/actualites\\\/interac-nomme-darcy-mcdonald-au-poste-de-chef-de-groupe-produits\\\/#primaryimage\",\"url\":\"https:\\\/\\\/www.interac.ca\\\/wp-content\\\/uploads\\\/2026\\\/02\\\/Interac-appoints-DArcy-McDonald-as-Group-Head-Product.jpg\",\"contentUrl\":\"https:\\\/\\\/www.interac.ca\\\/wp-content\\\/uploads\\\/2026\\\/02\\\/Interac-appoints-DArcy-McDonald-as-Group-Head-Product.jpg\",\"width\":2400,\"height\":1325},{\"@type\":\"BreadcrumbList\",\"@id\":\"https:\\\/\\\/www.interac.ca\\\/fr\\\/contenu\\\/actualites\\\/interac-nomme-darcy-mcdonald-au-poste-de-chef-de-groupe-produits\\\/#breadcrumb\",\"itemListElement\":[{\"@type\":\"ListItem\",\"position\":1,\"name\":\"Accueil\",\"item\":\"https:\\\/\\\/www.interac.ca\\\/fr\\\/\"},{\"@type\":\"ListItem\",\"position\":2,\"name\":\"Interac nomme D\u2019Arcy McDonald au poste de chef de groupe, Produits\u00a0\"}]},{\"@type\":\"WebSite\",\"@id\":\"https:\\\/\\\/www.interac.ca\\\/fr\\\/#website\",\"url\":\"https:\\\/\\\/www.interac.ca\\\/fr\\\/\",\"name\":\"Interac\",\"description\":\"\",\"publisher\":{\"@id\":\"https:\\\/\\\/www.interac.ca\\\/fr\\\/#organization\"},\"potentialAction\":[{\"@type\":\"SearchAction\",\"target\":{\"@type\":\"EntryPoint\",\"urlTemplate\":\"https:\\\/\\\/www.interac.ca\\\/fr\\\/?s={search_term_string}\"},\"query-input\":{\"@type\":\"PropertyValueSpecification\",\"valueRequired\":true,\"valueName\":\"search_term_string\"}}],\"inLanguage\":\"fr-CA\"},{\"@type\":\"Organization\",\"@id\":\"https:\\\/\\\/www.interac.ca\\\/fr\\\/#organization\",\"name\":\"Interac Corp.\",\"url\":\"https:\\\/\\\/www.interac.ca\\\/fr\\\/\",\"logo\":{\"@type\":\"ImageObject\",\"inLanguage\":\"fr-CA\",\"@id\":\"https:\\\/\\\/www.interac.ca\\\/fr\\\/#\\\/schema\\\/logo\\\/image\\\/\",\"url\":\"https:\\\/\\\/www.interac.ca\\\/wp-content\\\/uploads\\\/2022\\\/03\\\/Interac_Two-Colour_RGB.png\",\"contentUrl\":\"https:\\\/\\\/www.interac.ca\\\/wp-content\\\/uploads\\\/2022\\\/03\\\/Interac_Two-Colour_RGB.png\",\"width\":2210,\"height\":2210,\"caption\":\"Interac Corp.\"},\"image\":{\"@id\":\"https:\\\/\\\/www.interac.ca\\\/fr\\\/#\\\/schema\\\/logo\\\/image\\\/\"},\"sameAs\":[\"https:\\\/\\\/www.facebook.com\\\/interac\",\"https:\\\/\\\/x.com\\\/interac\",\"https:\\\/\\\/www.instagram.com\\\/interac\\\/\",\"https:\\\/\\\/www.linkedin.com\\\/company\\\/interac-corp\\\/\",\"https:\\\/\\\/www.youtube.com\\\/user\\\/InteracBrand\"]}]}<\/script>\n<!-- \/ Yoast SEO Premium plugin. -->","yoast_head_json":{"title":"Interac nomme D\u2019Arcy McDonald au poste de chef de groupe, Produits\u00a0 - Interac","description":"Interac annonce la nomination de Darcy McDonald au poste de chef de groupe, Produits, renfor\u00e7ant son leadership et l\u2019innovation produit.","robots":{"index":"index","follow":"follow","max-snippet":"max-snippet:-1","max-image-preview":"max-image-preview:large","max-video-preview":"max-video-preview:-1"},"canonical":"https:\/\/www.interac.ca\/fr\/contenu\/actualites\/interac-nomme-darcy-mcdonald-au-poste-de-chef-de-groupe-produits\/","og_locale":"fr_CA","og_type":"article","og_title":"Interac nomme D\u2019Arcy McDonald au poste de chef de groupe, Produits\u00a0","og_description":"Un dirigeant dynamique du secteur bancaire et des paiements pour diriger la prochaine phase de la feuille de route des produits d'Interac TORONTO, le 2","og_url":"https:\/\/www.interac.ca\/fr\/contenu\/actualites\/interac-nomme-darcy-mcdonald-au-poste-de-chef-de-groupe-produits\/","og_site_name":"Interac","article_publisher":"https:\/\/www.facebook.com\/interac","article_modified_time":"2026-03-27T20:01:45+00:00","og_image":[{"width":2400,"height":1325,"url":"https:\/\/www.interac.ca\/wp-content\/uploads\/2026\/02\/Interac-appoints-DArcy-McDonald-as-Group-Head-Product.jpg","type":"image\/jpeg"}],"twitter_card":"summary_large_image","twitter_site":"@interac","twitter_misc":{"Estimation du temps de lecture":"3 minutes"},"schema":{"@context":"https:\/\/schema.org","@graph":[{"@type":"WebPage","@id":"https:\/\/www.interac.ca\/fr\/contenu\/actualites\/interac-nomme-darcy-mcdonald-au-poste-de-chef-de-groupe-produits\/","url":"https:\/\/www.interac.ca\/fr\/contenu\/actualites\/interac-nomme-darcy-mcdonald-au-poste-de-chef-de-groupe-produits\/","name":"Interac nomme D\u2019Arcy McDonald au poste de chef de groupe, Produits\u00a0 - Interac","isPartOf":{"@id":"https:\/\/www.interac.ca\/fr\/#website"},"primaryImageOfPage":{"@id":"https:\/\/www.interac.ca\/fr\/contenu\/actualites\/interac-nomme-darcy-mcdonald-au-poste-de-chef-de-groupe-produits\/#primaryimage"},"image":{"@id":"https:\/\/www.interac.ca\/fr\/contenu\/actualites\/interac-nomme-darcy-mcdonald-au-poste-de-chef-de-groupe-produits\/#primaryimage"},"thumbnailUrl":"https:\/\/www.interac.ca\/wp-content\/uploads\/2026\/02\/Interac-appoints-DArcy-McDonald-as-Group-Head-Product.jpg","datePublished":"2026-02-02T14:00:00+00:00","dateModified":"2026-03-27T20:01:45+00:00","description":"Interac annonce la nomination de Darcy McDonald au poste de chef de groupe, Produits, renfor\u00e7ant son leadership et l\u2019innovation produit.","breadcrumb":{"@id":"https:\/\/www.interac.ca\/fr\/contenu\/actualites\/interac-nomme-darcy-mcdonald-au-poste-de-chef-de-groupe-produits\/#breadcrumb"},"inLanguage":"fr-CA","potentialAction":[{"@type":"ReadAction","target":["https:\/\/www.interac.ca\/fr\/contenu\/actualites\/interac-nomme-darcy-mcdonald-au-poste-de-chef-de-groupe-produits\/"]}]},{"@type":"ImageObject","inLanguage":"fr-CA","@id":"https:\/\/www.interac.ca\/fr\/contenu\/actualites\/interac-nomme-darcy-mcdonald-au-poste-de-chef-de-groupe-produits\/#primaryimage","url":"https:\/\/www.interac.ca\/wp-content\/uploads\/2026\/02\/Interac-appoints-DArcy-McDonald-as-Group-Head-Product.jpg","contentUrl":"https:\/\/www.interac.ca\/wp-content\/uploads\/2026\/02\/Interac-appoints-DArcy-McDonald-as-Group-Head-Product.jpg","width":2400,"height":1325},{"@type":"BreadcrumbList","@id":"https:\/\/www.interac.ca\/fr\/contenu\/actualites\/interac-nomme-darcy-mcdonald-au-poste-de-chef-de-groupe-produits\/#breadcrumb","itemListElement":[{"@type":"ListItem","position":1,"name":"Accueil","item":"https:\/\/www.interac.ca\/fr\/"},{"@type":"ListItem","position":2,"name":"Interac nomme D\u2019Arcy McDonald au poste de chef de groupe, Produits\u00a0"}]},{"@type":"WebSite","@id":"https:\/\/www.interac.ca\/fr\/#website","url":"https:\/\/www.interac.ca\/fr\/","name":"Interac","description":"","publisher":{"@id":"https:\/\/www.interac.ca\/fr\/#organization"},"potentialAction":[{"@type":"SearchAction","target":{"@type":"EntryPoint","urlTemplate":"https:\/\/www.interac.ca\/fr\/?s={search_term_string}"},"query-input":{"@type":"PropertyValueSpecification","valueRequired":true,"valueName":"search_term_string"}}],"inLanguage":"fr-CA"},{"@type":"Organization","@id":"https:\/\/www.interac.ca\/fr\/#organization","name":"Interac Corp.","url":"https:\/\/www.interac.ca\/fr\/","logo":{"@type":"ImageObject","inLanguage":"fr-CA","@id":"https:\/\/www.interac.ca\/fr\/#\/schema\/logo\/image\/","url":"https:\/\/www.interac.ca\/wp-content\/uploads\/2022\/03\/Interac_Two-Colour_RGB.png","contentUrl":"https:\/\/www.interac.ca\/wp-content\/uploads\/2022\/03\/Interac_Two-Colour_RGB.png","width":2210,"height":2210,"caption":"Interac Corp."},"image":{"@id":"https:\/\/www.interac.ca\/fr\/#\/schema\/logo\/image\/"},"sameAs":["https:\/\/www.facebook.com\/interac","https:\/\/x.com\/interac","https:\/\/www.instagram.com\/interac\/","https:\/\/www.linkedin.com\/company\/interac-corp\/","https:\/\/www.youtube.com\/user\/InteracBrand"]}]}},"_links":{"self":[{"href":"https:\/\/www.interac.ca\/fr\/wp-json\/wp\/v2\/content\/184181","targetHints":{"allow":["GET"]}}],"collection":[{"href":"https:\/\/www.interac.ca\/fr\/wp-json\/wp\/v2\/content"}],"about":[{"href":"https:\/\/www.interac.ca\/fr\/wp-json\/wp\/v2\/types\/content"}],"author":[{"embeddable":true,"href":"https:\/\/www.interac.ca\/fr\/wp-json\/wp\/v2\/users\/8"}],"version-history":[{"count":0,"href":"https:\/\/www.interac.ca\/fr\/wp-json\/wp\/v2\/content\/184181\/revisions"}],"wp:featuredmedia":[{"embeddable":true,"href":"https:\/\/www.interac.ca\/fr\/wp-json\/wp\/v2\/media\/184180"}],"wp:attachment":[{"href":"https:\/\/www.interac.ca\/fr\/wp-json\/wp\/v2\/media?parent=184181"}],"wp:term":[{"taxonomy":"content-tags","embeddable":true,"href":"https:\/\/www.interac.ca\/fr\/wp-json\/wp\/v2\/content-tags?post=184181"},{"taxonomy":"content-category","embeddable":true,"href":"https:\/\/www.interac.ca\/fr\/wp-json\/wp\/v2\/content-category?post=184181"},{"taxonomy":"spokespeople","embeddable":true,"href":"https:\/\/www.interac.ca\/fr\/wp-json\/wp\/v2\/spokespeople?post=184181"},{"taxonomy":"in_the_know_post_format","embeddable":true,"href":"https:\/\/www.interac.ca\/fr\/wp-json\/wp\/v2\/in_the_know_post_format?post=184181"}],"curies":[{"name":"wp","href":"https:\/\/api.w.org\/{rel}","templated":true}]}}