{"id":177548,"date":"2025-03-27T11:04:42","date_gmt":"2025-03-27T15:04:42","guid":{"rendered":"https:\/\/www.interac.ca\/?post_type=content&#038;p=177548"},"modified":"2025-03-27T11:04:44","modified_gmt":"2025-03-27T15:04:44","slug":"une-lettre-du-president-du-conseil-dadministration-preparer-le-terrain-pour-les-trois-prochaines-annees","status":"publish","type":"content","link":"https:\/\/www.interac.ca\/fr\/contenu\/entreprises\/une-lettre-du-president-du-conseil-dadministration-preparer-le-terrain-pour-les-trois-prochaines-annees\/","title":{"rendered":"Une lettre du pr\u00e9sident du conseil d\u2019administration\u00a0: Pr\u00e9parer le terrain pour les trois\u00a0prochaines ann\u00e9es"},"content":{"rendered":"\n<p>Interac a connu une ann\u00e9e charni\u00e8re en&nbsp;2024.&nbsp;C\u2019\u00e9tait une ann\u00e9e-jalon, qui marquait 40&nbsp;ann\u00e9es \u00e0 aider les Canadiens \u00e0 effectuer des transactions de fa\u00e7on harmonieuse et s\u00e9curitaire. En m\u00eame temps, c\u2019\u00e9tait une ann\u00e9e fondamentale pour le prochain chapitre, alors qu\u2019Interac pr\u00e9parait le terrain pour sa nouvelle strat\u00e9gie triennale.<\/p>\n\n\n\n<p><em>Interac<\/em> est l\u2019une des marques financi\u00e8res les plus dignes de confiance au Canada et ses produits sont la pierre angulaire du syst\u00e8me financier canadien, permettant plus de 20&nbsp;millions de transactions par jour. Que ce soit pour utiliser leurs cartes de d\u00e9bit pour payer leurs achats quotidiens, envoyer de l\u2019argent \u00e0 des \u00eatres chers ou acc\u00e9der \u00e0 des services essentiels en toute s\u00e9curit\u00e9, les Canadiens comptent sur Interac tous les jours.<\/p>\n\n\n\n<p>La maturit\u00e9 num\u00e9rique du syst\u00e8me financier canadien d\u2019aujourd\u2019hui a b\u00e9n\u00e9fici\u00e9 de l\u2019innovation d\u2019Interac au cours des 40&nbsp;derni\u00e8res ann\u00e9es&nbsp;\u2013 de l\u2019\u00e9tablissement du D\u00e9bit <em>Interac<\/em> qui a ensuite \u00e9volu\u00e9 vers les paiements sans contact, mobiles et par Virement <em>Interac<\/em>, \u00e0 l\u2019introduction de la gamme de produits <em>Interac<\/em> V\u00e9rification, qui a chang\u00e9 la donne sur le plan de la protection des consommateurs et des entreprises canadiens.<\/p>\n\n\n\n<p><a href=\"https:\/\/www.interac.ca\/fr\/entreprise\/a-propos-de-nous\/progressons-plus-rapidement-ensemble\/\" target=\"_blank\" rel=\"noreferrer noopener\">En 40\u00a0ans, Interac est devenu plus qu\u2019une entreprise de paiement\u00a0\u2013 c\u2019est un partenaire de confiance dans le renforcement de la r\u00e9silience num\u00e9rique et \u00e9conomique du Canada.<\/a><\/p>\n\n\n\n<p>Il s\u2019agit d\u2019une position privil\u00e9gi\u00e9e, qui s\u2019accompagne \u00e0 la fois de responsabilit\u00e9s et de possibilit\u00e9s et le conseil d\u2019administration peut affirmer en toute confiance qu\u2019Interac les accueille avec enthousiasme. Gr\u00e2ce \u00e0 son h\u00e9ritage important et \u00e0 sa place unique dans l\u2019\u00e9conomie canadienne, Interac est bien plac\u00e9e pour mener les Canadiens \u00e0 la prosp\u00e9rit\u00e9 num\u00e9rique.<\/p>\n\n\n\n<p>C\u2019est la vision que l\u2019organisation incarnera au cours des trois&nbsp;prochaines ann\u00e9es gr\u00e2ce \u00e0 des investissements cl\u00e9s dans les paiements en temps r\u00e9el, la d\u00e9tection et la pr\u00e9vention de la fraude et le commerce num\u00e9rique.<\/p>\n\n\n\n<p>Au nom du conseil d\u2019administration, je tiens \u00e0 exprimer notre gratitude au pr\u00e9sident et chef de la direction, Jeremy Wilmot, \u00e0 l\u2019\u00e9quipe de direction d\u2019Interac, ainsi qu\u2019\u00e0 tous les innovateurs dans l\u2019organisation. Leur d\u00e9termination \u00e0 renforcer la s\u00e9curit\u00e9 financi\u00e8re des Canadiens et leur capacit\u00e9 de se connecter de fa\u00e7on significative \u00e0 une \u00e9conomie de plus en plus num\u00e9rique est une d\u00e9monstration des valeurs de l\u2019organisation ax\u00e9es sur sa raison d\u2019\u00eatre.<\/p>\n","protected":false},"excerpt":{"rendered":"<p>Interac a connu une ann\u00e9e charni\u00e8re en&nbsp;2024.&nbsp;C\u2019\u00e9tait une ann\u00e9e-jalon, qui marquait 40&nbsp;ann\u00e9es \u00e0 aider les Canadiens \u00e0 effectuer des transactions de fa\u00e7on harmonieuse et s\u00e9curitaire. En m\u00eame temps, c\u2019\u00e9tait une ann\u00e9e fondamentale pour le prochain chapitre, alors qu\u2019Interac pr\u00e9parait le terrain pour sa nouvelle strat\u00e9gie triennale. Interac est l\u2019une des marques financi\u00e8res les plus dignes&hellip;<\/p>\n","protected":false},"author":1,"featured_media":175967,"template":"","format":"standard","meta":{"_acf_changed":true,"footnotes":""},"content-tags":[953],"content-category":[195],"spokespeople":[797],"in_the_know_post_format":[178],"class_list":["post-177548","content","type-content","status-publish","format-standard","has-post-thumbnail","hentry","content-tags-entreprises-et-gouvernement","content-category-entreprises","spokespeople-jeremy-wilmot-fr","in_the_know_post_format-article-fr"],"acf":[],"yoast_head":"<!-- This site is optimized with the Yoast SEO Premium plugin v27.4 (Yoast SEO v27.4) - https:\/\/yoast.com\/product\/yoast-seo-premium-wordpress\/ -->\n<title>Une lettre du pr\u00e9sident du conseil d\u2019administration\u00a0: Pr\u00e9parer le terrain pour les trois\u00a0prochaines ann\u00e9es - Interac<\/title>\n<meta name=\"robots\" content=\"index, follow, max-snippet:-1, max-image-preview:large, max-video-preview:-1\" \/>\n<link rel=\"canonical\" href=\"https:\/\/www.interac.ca\/fr\/contenu\/entreprises\/une-lettre-du-president-du-conseil-dadministration-preparer-le-terrain-pour-les-trois-prochaines-annees\/\" \/>\n<meta property=\"og:locale\" content=\"fr_CA\" \/>\n<meta property=\"og:type\" content=\"article\" \/>\n<meta property=\"og:title\" content=\"Une lettre du pr\u00e9sident du conseil d\u2019administration\u00a0: Pr\u00e9parer le terrain pour les trois\u00a0prochaines ann\u00e9es\" \/>\n<meta property=\"og:description\" content=\"Interac a connu une ann\u00e9e charni\u00e8re en&nbsp;2024.&nbsp;C\u2019\u00e9tait une ann\u00e9e-jalon, qui marquait 40&nbsp;ann\u00e9es \u00e0 aider les Canadiens \u00e0 effectuer des\" \/>\n<meta property=\"og:url\" content=\"https:\/\/www.interac.ca\/fr\/contenu\/entreprises\/une-lettre-du-president-du-conseil-dadministration-preparer-le-terrain-pour-les-trois-prochaines-annees\/\" \/>\n<meta property=\"og:site_name\" content=\"Interac\" \/>\n<meta property=\"article:publisher\" content=\"https:\/\/www.facebook.com\/interac\" \/>\n<meta property=\"article:modified_time\" content=\"2025-03-27T15:04:44+00:00\" \/>\n<meta property=\"og:image\" content=\"https:\/\/www.interac.ca\/wp-content\/uploads\/2025\/02\/FY25_CYIR_Letter-from-the-Chair-of-the-Board-Setting-the-stage-for-the-next-three-years.jpg\" \/>\n\t<meta property=\"og:image:width\" content=\"1000\" \/>\n\t<meta property=\"og:image:height\" content=\"671\" \/>\n\t<meta property=\"og:image:type\" content=\"image\/jpeg\" \/>\n<meta name=\"twitter:card\" content=\"summary_large_image\" \/>\n<meta name=\"twitter:site\" content=\"@interac\" \/>\n<script type=\"application\/ld+json\" class=\"yoast-schema-graph\">{\"@context\":\"https:\\\/\\\/schema.org\",\"@graph\":[{\"@type\":\"WebPage\",\"@id\":\"https:\\\/\\\/www.interac.ca\\\/fr\\\/contenu\\\/entreprises\\\/une-lettre-du-president-du-conseil-dadministration-preparer-le-terrain-pour-les-trois-prochaines-annees\\\/\",\"url\":\"https:\\\/\\\/www.interac.ca\\\/fr\\\/contenu\\\/entreprises\\\/une-lettre-du-president-du-conseil-dadministration-preparer-le-terrain-pour-les-trois-prochaines-annees\\\/\",\"name\":\"Une lettre du pr\u00e9sident du conseil d\u2019administration\u00a0: Pr\u00e9parer le terrain pour les trois\u00a0prochaines ann\u00e9es - Interac\",\"isPartOf\":{\"@id\":\"https:\\\/\\\/www.interac.ca\\\/fr\\\/#website\"},\"primaryImageOfPage\":{\"@id\":\"https:\\\/\\\/www.interac.ca\\\/fr\\\/contenu\\\/entreprises\\\/une-lettre-du-president-du-conseil-dadministration-preparer-le-terrain-pour-les-trois-prochaines-annees\\\/#primaryimage\"},\"image\":{\"@id\":\"https:\\\/\\\/www.interac.ca\\\/fr\\\/contenu\\\/entreprises\\\/une-lettre-du-president-du-conseil-dadministration-preparer-le-terrain-pour-les-trois-prochaines-annees\\\/#primaryimage\"},\"thumbnailUrl\":\"https:\\\/\\\/www.interac.ca\\\/wp-content\\\/uploads\\\/2025\\\/02\\\/FY25_CYIR_Letter-from-the-Chair-of-the-Board-Setting-the-stage-for-the-next-three-years.jpg\",\"datePublished\":\"2025-03-27T15:04:42+00:00\",\"dateModified\":\"2025-03-27T15:04:44+00:00\",\"breadcrumb\":{\"@id\":\"https:\\\/\\\/www.interac.ca\\\/fr\\\/contenu\\\/entreprises\\\/une-lettre-du-president-du-conseil-dadministration-preparer-le-terrain-pour-les-trois-prochaines-annees\\\/#breadcrumb\"},\"inLanguage\":\"fr-CA\",\"potentialAction\":[{\"@type\":\"ReadAction\",\"target\":[\"https:\\\/\\\/www.interac.ca\\\/fr\\\/contenu\\\/entreprises\\\/une-lettre-du-president-du-conseil-dadministration-preparer-le-terrain-pour-les-trois-prochaines-annees\\\/\"]}]},{\"@type\":\"ImageObject\",\"inLanguage\":\"fr-CA\",\"@id\":\"https:\\\/\\\/www.interac.ca\\\/fr\\\/contenu\\\/entreprises\\\/une-lettre-du-president-du-conseil-dadministration-preparer-le-terrain-pour-les-trois-prochaines-annees\\\/#primaryimage\",\"url\":\"https:\\\/\\\/www.interac.ca\\\/wp-content\\\/uploads\\\/2025\\\/02\\\/FY25_CYIR_Letter-from-the-Chair-of-the-Board-Setting-the-stage-for-the-next-three-years.jpg\",\"contentUrl\":\"https:\\\/\\\/www.interac.ca\\\/wp-content\\\/uploads\\\/2025\\\/02\\\/FY25_CYIR_Letter-from-the-Chair-of-the-Board-Setting-the-stage-for-the-next-three-years.jpg\",\"width\":1000,\"height\":671},{\"@type\":\"BreadcrumbList\",\"@id\":\"https:\\\/\\\/www.interac.ca\\\/fr\\\/contenu\\\/entreprises\\\/une-lettre-du-president-du-conseil-dadministration-preparer-le-terrain-pour-les-trois-prochaines-annees\\\/#breadcrumb\",\"itemListElement\":[{\"@type\":\"ListItem\",\"position\":1,\"name\":\"Accueil\",\"item\":\"https:\\\/\\\/www.interac.ca\\\/fr\\\/\"},{\"@type\":\"ListItem\",\"position\":2,\"name\":\"Une lettre du pr\u00e9sident du conseil d\u2019administration\u00a0: Pr\u00e9parer le terrain pour les trois\u00a0prochaines ann\u00e9es\"}]},{\"@type\":\"WebSite\",\"@id\":\"https:\\\/\\\/www.interac.ca\\\/fr\\\/#website\",\"url\":\"https:\\\/\\\/www.interac.ca\\\/fr\\\/\",\"name\":\"Interac\",\"description\":\"\",\"publisher\":{\"@id\":\"https:\\\/\\\/www.interac.ca\\\/fr\\\/#organization\"},\"potentialAction\":[{\"@type\":\"SearchAction\",\"target\":{\"@type\":\"EntryPoint\",\"urlTemplate\":\"https:\\\/\\\/www.interac.ca\\\/fr\\\/?s={search_term_string}\"},\"query-input\":{\"@type\":\"PropertyValueSpecification\",\"valueRequired\":true,\"valueName\":\"search_term_string\"}}],\"inLanguage\":\"fr-CA\"},{\"@type\":\"Organization\",\"@id\":\"https:\\\/\\\/www.interac.ca\\\/fr\\\/#organization\",\"name\":\"Interac Corp.\",\"url\":\"https:\\\/\\\/www.interac.ca\\\/fr\\\/\",\"logo\":{\"@type\":\"ImageObject\",\"inLanguage\":\"fr-CA\",\"@id\":\"https:\\\/\\\/www.interac.ca\\\/fr\\\/#\\\/schema\\\/logo\\\/image\\\/\",\"url\":\"https:\\\/\\\/www.interac.ca\\\/wp-content\\\/uploads\\\/2022\\\/03\\\/Interac_Two-Colour_RGB.png\",\"contentUrl\":\"https:\\\/\\\/www.interac.ca\\\/wp-content\\\/uploads\\\/2022\\\/03\\\/Interac_Two-Colour_RGB.png\",\"width\":2210,\"height\":2210,\"caption\":\"Interac Corp.\"},\"image\":{\"@id\":\"https:\\\/\\\/www.interac.ca\\\/fr\\\/#\\\/schema\\\/logo\\\/image\\\/\"},\"sameAs\":[\"https:\\\/\\\/www.facebook.com\\\/interac\",\"https:\\\/\\\/x.com\\\/interac\",\"https:\\\/\\\/www.instagram.com\\\/interac\\\/\",\"https:\\\/\\\/www.linkedin.com\\\/company\\\/interac-corp\\\/\",\"https:\\\/\\\/www.youtube.com\\\/user\\\/InteracBrand\"]}]}<\/script>\n<!-- \/ Yoast SEO Premium plugin. -->","yoast_head_json":{"title":"Une lettre du pr\u00e9sident du conseil d\u2019administration\u00a0: Pr\u00e9parer le terrain pour les trois\u00a0prochaines ann\u00e9es - Interac","robots":{"index":"index","follow":"follow","max-snippet":"max-snippet:-1","max-image-preview":"max-image-preview:large","max-video-preview":"max-video-preview:-1"},"canonical":"https:\/\/www.interac.ca\/fr\/contenu\/entreprises\/une-lettre-du-president-du-conseil-dadministration-preparer-le-terrain-pour-les-trois-prochaines-annees\/","og_locale":"fr_CA","og_type":"article","og_title":"Une lettre du pr\u00e9sident du conseil d\u2019administration\u00a0: Pr\u00e9parer le terrain pour les trois\u00a0prochaines ann\u00e9es","og_description":"Interac a connu une ann\u00e9e charni\u00e8re en&nbsp;2024.&nbsp;C\u2019\u00e9tait une ann\u00e9e-jalon, qui marquait 40&nbsp;ann\u00e9es \u00e0 aider les Canadiens \u00e0 effectuer des","og_url":"https:\/\/www.interac.ca\/fr\/contenu\/entreprises\/une-lettre-du-president-du-conseil-dadministration-preparer-le-terrain-pour-les-trois-prochaines-annees\/","og_site_name":"Interac","article_publisher":"https:\/\/www.facebook.com\/interac","article_modified_time":"2025-03-27T15:04:44+00:00","og_image":[{"width":1000,"height":671,"url":"https:\/\/www.interac.ca\/wp-content\/uploads\/2025\/02\/FY25_CYIR_Letter-from-the-Chair-of-the-Board-Setting-the-stage-for-the-next-three-years.jpg","type":"image\/jpeg"}],"twitter_card":"summary_large_image","twitter_site":"@interac","schema":{"@context":"https:\/\/schema.org","@graph":[{"@type":"WebPage","@id":"https:\/\/www.interac.ca\/fr\/contenu\/entreprises\/une-lettre-du-president-du-conseil-dadministration-preparer-le-terrain-pour-les-trois-prochaines-annees\/","url":"https:\/\/www.interac.ca\/fr\/contenu\/entreprises\/une-lettre-du-president-du-conseil-dadministration-preparer-le-terrain-pour-les-trois-prochaines-annees\/","name":"Une lettre du pr\u00e9sident du conseil d\u2019administration\u00a0: Pr\u00e9parer le terrain pour les trois\u00a0prochaines ann\u00e9es - Interac","isPartOf":{"@id":"https:\/\/www.interac.ca\/fr\/#website"},"primaryImageOfPage":{"@id":"https:\/\/www.interac.ca\/fr\/contenu\/entreprises\/une-lettre-du-president-du-conseil-dadministration-preparer-le-terrain-pour-les-trois-prochaines-annees\/#primaryimage"},"image":{"@id":"https:\/\/www.interac.ca\/fr\/contenu\/entreprises\/une-lettre-du-president-du-conseil-dadministration-preparer-le-terrain-pour-les-trois-prochaines-annees\/#primaryimage"},"thumbnailUrl":"https:\/\/www.interac.ca\/wp-content\/uploads\/2025\/02\/FY25_CYIR_Letter-from-the-Chair-of-the-Board-Setting-the-stage-for-the-next-three-years.jpg","datePublished":"2025-03-27T15:04:42+00:00","dateModified":"2025-03-27T15:04:44+00:00","breadcrumb":{"@id":"https:\/\/www.interac.ca\/fr\/contenu\/entreprises\/une-lettre-du-president-du-conseil-dadministration-preparer-le-terrain-pour-les-trois-prochaines-annees\/#breadcrumb"},"inLanguage":"fr-CA","potentialAction":[{"@type":"ReadAction","target":["https:\/\/www.interac.ca\/fr\/contenu\/entreprises\/une-lettre-du-president-du-conseil-dadministration-preparer-le-terrain-pour-les-trois-prochaines-annees\/"]}]},{"@type":"ImageObject","inLanguage":"fr-CA","@id":"https:\/\/www.interac.ca\/fr\/contenu\/entreprises\/une-lettre-du-president-du-conseil-dadministration-preparer-le-terrain-pour-les-trois-prochaines-annees\/#primaryimage","url":"https:\/\/www.interac.ca\/wp-content\/uploads\/2025\/02\/FY25_CYIR_Letter-from-the-Chair-of-the-Board-Setting-the-stage-for-the-next-three-years.jpg","contentUrl":"https:\/\/www.interac.ca\/wp-content\/uploads\/2025\/02\/FY25_CYIR_Letter-from-the-Chair-of-the-Board-Setting-the-stage-for-the-next-three-years.jpg","width":1000,"height":671},{"@type":"BreadcrumbList","@id":"https:\/\/www.interac.ca\/fr\/contenu\/entreprises\/une-lettre-du-president-du-conseil-dadministration-preparer-le-terrain-pour-les-trois-prochaines-annees\/#breadcrumb","itemListElement":[{"@type":"ListItem","position":1,"name":"Accueil","item":"https:\/\/www.interac.ca\/fr\/"},{"@type":"ListItem","position":2,"name":"Une lettre du pr\u00e9sident du conseil d\u2019administration\u00a0: Pr\u00e9parer le terrain pour les trois\u00a0prochaines ann\u00e9es"}]},{"@type":"WebSite","@id":"https:\/\/www.interac.ca\/fr\/#website","url":"https:\/\/www.interac.ca\/fr\/","name":"Interac","description":"","publisher":{"@id":"https:\/\/www.interac.ca\/fr\/#organization"},"potentialAction":[{"@type":"SearchAction","target":{"@type":"EntryPoint","urlTemplate":"https:\/\/www.interac.ca\/fr\/?s={search_term_string}"},"query-input":{"@type":"PropertyValueSpecification","valueRequired":true,"valueName":"search_term_string"}}],"inLanguage":"fr-CA"},{"@type":"Organization","@id":"https:\/\/www.interac.ca\/fr\/#organization","name":"Interac Corp.","url":"https:\/\/www.interac.ca\/fr\/","logo":{"@type":"ImageObject","inLanguage":"fr-CA","@id":"https:\/\/www.interac.ca\/fr\/#\/schema\/logo\/image\/","url":"https:\/\/www.interac.ca\/wp-content\/uploads\/2022\/03\/Interac_Two-Colour_RGB.png","contentUrl":"https:\/\/www.interac.ca\/wp-content\/uploads\/2022\/03\/Interac_Two-Colour_RGB.png","width":2210,"height":2210,"caption":"Interac Corp."},"image":{"@id":"https:\/\/www.interac.ca\/fr\/#\/schema\/logo\/image\/"},"sameAs":["https:\/\/www.facebook.com\/interac","https:\/\/x.com\/interac","https:\/\/www.instagram.com\/interac\/","https:\/\/www.linkedin.com\/company\/interac-corp\/","https:\/\/www.youtube.com\/user\/InteracBrand"]}]}},"_links":{"self":[{"href":"https:\/\/www.interac.ca\/fr\/wp-json\/wp\/v2\/content\/177548","targetHints":{"allow":["GET"]}}],"collection":[{"href":"https:\/\/www.interac.ca\/fr\/wp-json\/wp\/v2\/content"}],"about":[{"href":"https:\/\/www.interac.ca\/fr\/wp-json\/wp\/v2\/types\/content"}],"author":[{"embeddable":true,"href":"https:\/\/www.interac.ca\/fr\/wp-json\/wp\/v2\/users\/1"}],"version-history":[{"count":0,"href":"https:\/\/www.interac.ca\/fr\/wp-json\/wp\/v2\/content\/177548\/revisions"}],"wp:featuredmedia":[{"embeddable":true,"href":"https:\/\/www.interac.ca\/fr\/wp-json\/wp\/v2\/media\/175967"}],"wp:attachment":[{"href":"https:\/\/www.interac.ca\/fr\/wp-json\/wp\/v2\/media?parent=177548"}],"wp:term":[{"taxonomy":"content-tags","embeddable":true,"href":"https:\/\/www.interac.ca\/fr\/wp-json\/wp\/v2\/content-tags?post=177548"},{"taxonomy":"content-category","embeddable":true,"href":"https:\/\/www.interac.ca\/fr\/wp-json\/wp\/v2\/content-category?post=177548"},{"taxonomy":"spokespeople","embeddable":true,"href":"https:\/\/www.interac.ca\/fr\/wp-json\/wp\/v2\/spokespeople?post=177548"},{"taxonomy":"in_the_know_post_format","embeddable":true,"href":"https:\/\/www.interac.ca\/fr\/wp-json\/wp\/v2\/in_the_know_post_format?post=177548"}],"curies":[{"name":"wp","href":"https:\/\/api.w.org\/{rel}","templated":true}]}}